{"id":3590,"date":"2024-09-06T14:06:40","date_gmt":"2024-09-06T12:06:40","guid":{"rendered":"https:\/\/petcellpen.com\/faqs\/"},"modified":"2025-03-21T10:18:35","modified_gmt":"2025-03-21T08:18:35","slug":"faq","status":"publish","type":"page","link":"https:\/\/petcellpen.com\/pl\/faq\/","title":{"rendered":"FAQ"},"content":{"rendered":"\t\t<div data-elementor-type=\"wp-page\" data-elementor-id=\"3590\" class=\"elementor elementor-3590 elementor-35\" data-elementor-post-type=\"page\">\n\t\t\t\t\t\t<section class=\"elementor-section elementor-top-section elementor-element elementor-element-52beb76 cellpen-header elementor-section-boxed elementor-section-height-default elementor-section-height-default\" data-id=\"52beb76\" data-element_type=\"section\" data-settings=\"{&quot;background_background&quot;:&quot;classic&quot;}\">\n\t\t\t\t\t\t<div class=\"elementor-container elementor-column-gap-default\">\n\t\t\t\t\t<div class=\"elementor-column elementor-col-100 elementor-top-column elementor-element elementor-element-96d4d75\" data-id=\"96d4d75\" data-element_type=\"column\">\n\t\t\t<div class=\"elementor-widget-wrap elementor-element-populated\">\n\t\t\t\t\t\t<div class=\"elementor-element elementor-element-77824db elementor-widget__width-initial elementor-widget elementor-widget-image\" data-id=\"77824db\" data-element_type=\"widget\" data-widget_type=\"image.default\">\n\t\t\t\t<div class=\"elementor-widget-container\">\n\t\t\t\t\t\t\t\t\t\t\t\t\t<img decoding=\"async\" width=\"172\" height=\"45\" src=\"https:\/\/petcellpen.com\/wp-content\/uploads\/2024\/10\/petcellpen-logo-pastilla.svg\" class=\"attachment-full size-full wp-image-2662\" alt=\"\" \/>\t\t\t\t\t\t\t\t\t\t\t\t\t<\/div>\n\t\t\t\t<\/div>\n\t\t\t\t<div class=\"elementor-element elementor-element-5775b43 elementor-widget__width-initial elementor-widget elementor-widget-image\" data-id=\"5775b43\" data-element_type=\"widget\" data-widget_type=\"image.default\">\n\t\t\t\t<div class=\"elementor-widget-container\">\n\t\t\t\t\t\t\t\t\t\t\t\t\t<img decoding=\"async\" width=\"172\" height=\"45\" src=\"https:\/\/petcellpen.com\/wp-content\/uploads\/2024\/10\/equcellpen-logo-pastilla.svg\" class=\"attachment-full size-full wp-image-2668\" alt=\"\" \/>\t\t\t\t\t\t\t\t\t\t\t\t\t<\/div>\n\t\t\t\t<\/div>\n\t\t\t\t<div class=\"elementor-element elementor-element-d034b7e elementor-widget elementor-widget-heading\" data-id=\"d034b7e\" data-element_type=\"widget\" data-widget_type=\"heading.default\">\n\t\t\t\t<div class=\"elementor-widget-container\">\n\t\t\t<h1 class=\"elementor-heading-title elementor-size-default\">\"Jakie pytania s\u0105 najcz\u0119\u015bciej zadawane?\"<\/h1>\t\t<\/div>\n\t\t\t\t<\/div>\n\t\t\t\t\t<\/div>\n\t\t<\/div>\n\t\t\t\t\t<\/div>\n\t\t<\/section>\n\t\t\t\t<section class=\"elementor-section elementor-top-section elementor-element elementor-element-69e85dc elementor-section-boxed elementor-section-height-default elementor-section-height-default\" data-id=\"69e85dc\" data-element_type=\"section\">\n\t\t\t\t\t\t<div class=\"elementor-container elementor-column-gap-default\">\n\t\t\t\t\t<div class=\"elementor-column elementor-col-100 elementor-top-column elementor-element elementor-element-592e16a\" data-id=\"592e16a\" data-element_type=\"column\">\n\t\t\t<div class=\"elementor-widget-wrap elementor-element-populated\">\n\t\t\t\t\t\t<section class=\"elementor-section elementor-inner-section elementor-element elementor-element-564a978 elementor-section-boxed elementor-section-height-default elementor-section-height-default\" data-id=\"564a978\" data-element_type=\"section\">\n\t\t\t\t\t\t<div class=\"elementor-container elementor-column-gap-default\">\n\t\t\t\t\t<div class=\"elementor-column elementor-col-100 elementor-inner-column elementor-element elementor-element-def9d5a\" data-id=\"def9d5a\" data-element_type=\"column\" data-settings=\"{&quot;background_background&quot;:&quot;classic&quot;}\">\n\t\t\t<div class=\"elementor-widget-wrap elementor-element-populated\">\n\t\t\t\t\t\t<div class=\"elementor-element elementor-element-b69fba8 elementor-widget elementor-widget-heading\" data-id=\"b69fba8\" data-element_type=\"widget\" data-widget_type=\"heading.default\">\n\t\t\t\t<div class=\"elementor-widget-container\">\n\t\t\t<h2 class=\"elementor-heading-title elementor-size-default\">Og\u00f3lne pytania<\/h2>\t\t<\/div>\n\t\t\t\t<\/div>\n\t\t\t\t<div class=\"elementor-element elementor-element-e32f62c faqs-accordion elementor-widget elementor-widget-accordion\" data-id=\"e32f62c\" data-element_type=\"widget\" data-widget_type=\"accordion.default\">\n\t\t\t\t<div class=\"elementor-widget-container\">\n\t\t\t\t\t<div class=\"elementor-accordion\">\n\t\t\t\t\t\t\t<div class=\"elementor-accordion-item\">\n\t\t\t\t\t<div id=\"elementor-tab-title-2381\" class=\"elementor-tab-title\" data-tab=\"1\" role=\"button\" aria-controls=\"elementor-tab-content-2381\" aria-expanded=\"false\">\n\t\t\t\t\t\t\t\t\t\t\t\t\t<span class=\"elementor-accordion-icon elementor-accordion-icon-right\" aria-hidden=\"true\">\n\t\t\t\t\t\t\t\t\t\t\t\t\t\t\t<span class=\"elementor-accordion-icon-closed\"><i class=\"fas fa-chevron-down\"><\/i><\/span>\n\t\t\t\t\t\t\t\t<span class=\"elementor-accordion-icon-opened\"><i class=\"fas fa-chevron-up\"><\/i><\/span>\n\t\t\t\t\t\t\t\t\t\t\t\t\t\t<\/span>\n\t\t\t\t\t\t\t\t\t\t\t\t<a class=\"elementor-accordion-title\" tabindex=\"0\">Czy do dzia\u0142ania urz\u0105dzenia wymagane jest u\u017cycie jakiego\u015b materia\u0142u przewodz\u0105cego?<\/a>\n\t\t\t\t\t<\/div>\n\t\t\t\t\t<div id=\"elementor-tab-content-2381\" class=\"elementor-tab-content elementor-clearfix\" data-tab=\"1\" role=\"region\" aria-labelledby=\"elementor-tab-title-2381\">Nie, terapia z u\u017cyciem zimnej plazmy nie wymaga \u017celu przewodz\u0105cego ani \u017cadnych dodatkowych materia\u0142\u00f3w eksploatacyjnych.<\/div>\n\t\t\t\t<\/div>\n\t\t\t\t\t\t\t<div class=\"elementor-accordion-item\">\n\t\t\t\t\t<div id=\"elementor-tab-title-2382\" class=\"elementor-tab-title\" data-tab=\"2\" role=\"button\" aria-controls=\"elementor-tab-content-2382\" aria-expanded=\"false\">\n\t\t\t\t\t\t\t\t\t\t\t\t\t<span class=\"elementor-accordion-icon elementor-accordion-icon-right\" aria-hidden=\"true\">\n\t\t\t\t\t\t\t\t\t\t\t\t\t\t\t<span class=\"elementor-accordion-icon-closed\"><i class=\"fas fa-chevron-down\"><\/i><\/span>\n\t\t\t\t\t\t\t\t<span class=\"elementor-accordion-icon-opened\"><i class=\"fas fa-chevron-up\"><\/i><\/span>\n\t\t\t\t\t\t\t\t\t\t\t\t\t\t<\/span>\n\t\t\t\t\t\t\t\t\t\t\t\t<a class=\"elementor-accordion-title\" tabindex=\"0\">Czy lekarz weterynarii lub pacjent musz\u0105 u\u017cywa\u0107 specjalnego sprz\u0119tu, takiego jak okulary ochronne?<\/a>\n\t\t\t\t\t<\/div>\n\t\t\t\t\t<div id=\"elementor-tab-content-2382\" class=\"elementor-tab-content elementor-clearfix\" data-tab=\"2\" role=\"region\" aria-labelledby=\"elementor-tab-title-2382\">Nie, nie ma potrzeby stosowania specjalnego sprz\u0119tu ani ochrony oczu \u2013 terapia jest ca\u0142kowicie bezpieczna. Zaleca si\u0119 jednak unikanie bezpo\u015bredniego stosowania w okolicy oczu pacjenta.<\/div>\n\t\t\t\t<\/div>\n\t\t\t\t\t\t\t<div class=\"elementor-accordion-item\">\n\t\t\t\t\t<div id=\"elementor-tab-title-2383\" class=\"elementor-tab-title\" data-tab=\"3\" role=\"button\" aria-controls=\"elementor-tab-content-2383\" aria-expanded=\"false\">\n\t\t\t\t\t\t\t\t\t\t\t\t\t<span class=\"elementor-accordion-icon elementor-accordion-icon-right\" aria-hidden=\"true\">\n\t\t\t\t\t\t\t\t\t\t\t\t\t\t\t<span class=\"elementor-accordion-icon-closed\"><i class=\"fas fa-chevron-down\"><\/i><\/span>\n\t\t\t\t\t\t\t\t<span class=\"elementor-accordion-icon-opened\"><i class=\"fas fa-chevron-up\"><\/i><\/span>\n\t\t\t\t\t\t\t\t\t\t\t\t\t\t<\/span>\n\t\t\t\t\t\t\t\t\t\t\t\t<a class=\"elementor-accordion-title\" tabindex=\"0\">Czy trzeba ogoli\u0107 obszar, kt\u00f3ry ma by\u0107 poddany terapii, przed rozpocz\u0119ciem sesji?<\/a>\n\t\t\t\t\t<\/div>\n\t\t\t\t\t<div id=\"elementor-tab-content-2383\" class=\"elementor-tab-content elementor-clearfix\" data-tab=\"3\" role=\"region\" aria-labelledby=\"elementor-tab-title-2383\">Nie, ogolenie nie jest konieczne, poniewa\u017c terapia zimn\u0105 plazm\u0105 jest r\u00f3wnie skuteczna na nieogolonym obszarze. W przypadku wi\u0119kszych obszar\u00f3w z g\u0119stym ow\u0142osieniem dost\u0119pna jest specjalna elektroda w kszta\u0142cie grzebienia, kt\u00f3ry u\u0142atwia aplikacj\u0119 terapii.<\/div>\n\t\t\t\t<\/div>\n\t\t\t\t\t\t\t<div class=\"elementor-accordion-item\">\n\t\t\t\t\t<div id=\"elementor-tab-title-2384\" class=\"elementor-tab-title\" data-tab=\"4\" role=\"button\" aria-controls=\"elementor-tab-content-2384\" aria-expanded=\"false\">\n\t\t\t\t\t\t\t\t\t\t\t\t\t<span class=\"elementor-accordion-icon elementor-accordion-icon-right\" aria-hidden=\"true\">\n\t\t\t\t\t\t\t\t\t\t\t\t\t\t\t<span class=\"elementor-accordion-icon-closed\"><i class=\"fas fa-chevron-down\"><\/i><\/span>\n\t\t\t\t\t\t\t\t<span class=\"elementor-accordion-icon-opened\"><i class=\"fas fa-chevron-up\"><\/i><\/span>\n\t\t\t\t\t\t\t\t\t\t\t\t\t\t<\/span>\n\t\t\t\t\t\t\t\t\t\t\t\t<a class=\"elementor-accordion-title\" tabindex=\"0\">Czy pacjenci dobrze toleruj\u0105 d\u017awi\u0119k urz\u0105dzenia i sam\u0105 terapi\u0119?<\/a>\n\t\t\t\t\t<\/div>\n\t\t\t\t\t<div id=\"elementor-tab-content-2384\" class=\"elementor-tab-content elementor-clearfix\" data-tab=\"4\" role=\"region\" aria-labelledby=\"elementor-tab-title-2384\"><p>Zazwyczaj pacjenci bardzo dobrze toleruj\u0105 terapi\u0119 zimn\u0105 plazm\u0105. D\u017awi\u0119k urz\u0105dzenia rzadko przeszkadza, chyba \u017ce stosuje si\u0119 je bezpo\u015brednio w okolicy przewodu s\u0142uchowego \u2013 w takich przypadkach zazwyczaj konieczne jest zastosowanie sedacji. Moc urz\u0105dzenia mo\u017cna dostosowa\u0107, zaczynaj\u0105c od niskiej cz\u0119stotliwo\u015bci w pierwszej minucie i stopniowo j\u0105 zwi\u0119ksza\u0107, co pozwala pacjentowi przyzwyczai\u0107 si\u0119 do terapii.<\/p><\/div>\n\t\t\t\t<\/div>\n\t\t\t\t\t\t\t<div class=\"elementor-accordion-item\">\n\t\t\t\t\t<div id=\"elementor-tab-title-2385\" class=\"elementor-tab-title\" data-tab=\"5\" role=\"button\" aria-controls=\"elementor-tab-content-2385\" aria-expanded=\"false\">\n\t\t\t\t\t\t\t\t\t\t\t\t\t<span class=\"elementor-accordion-icon elementor-accordion-icon-right\" aria-hidden=\"true\">\n\t\t\t\t\t\t\t\t\t\t\t\t\t\t\t<span class=\"elementor-accordion-icon-closed\"><i class=\"fas fa-chevron-down\"><\/i><\/span>\n\t\t\t\t\t\t\t\t<span class=\"elementor-accordion-icon-opened\"><i class=\"fas fa-chevron-up\"><\/i><\/span>\n\t\t\t\t\t\t\t\t\t\t\t\t\t\t<\/span>\n\t\t\t\t\t\t\t\t\t\t\t\t<a class=\"elementor-accordion-title\" tabindex=\"0\">Czy istniej\u0105 jakiekolwiek przeciwwskazania farmakologiczne do stosowania zimnej plazmy?<\/a>\n\t\t\t\t\t<\/div>\n\t\t\t\t\t<div id=\"elementor-tab-content-2385\" class=\"elementor-tab-content elementor-clearfix\" data-tab=\"5\" role=\"region\" aria-labelledby=\"elementor-tab-title-2385\"><p>Nie.<\/p><\/div>\n\t\t\t\t<\/div>\n\t\t\t\t\t\t\t<div class=\"elementor-accordion-item\">\n\t\t\t\t\t<div id=\"elementor-tab-title-2386\" class=\"elementor-tab-title\" data-tab=\"6\" role=\"button\" aria-controls=\"elementor-tab-content-2386\" aria-expanded=\"false\">\n\t\t\t\t\t\t\t\t\t\t\t\t\t<span class=\"elementor-accordion-icon elementor-accordion-icon-right\" aria-hidden=\"true\">\n\t\t\t\t\t\t\t\t\t\t\t\t\t\t\t<span class=\"elementor-accordion-icon-closed\"><i class=\"fas fa-chevron-down\"><\/i><\/span>\n\t\t\t\t\t\t\t\t<span class=\"elementor-accordion-icon-opened\"><i class=\"fas fa-chevron-up\"><\/i><\/span>\n\t\t\t\t\t\t\t\t\t\t\t\t\t\t<\/span>\n\t\t\t\t\t\t\t\t\t\t\t\t<a class=\"elementor-accordion-title\" tabindex=\"0\">Czy s\u0105 obszary, w kt\u00f3rych nie zaleca si\u0119 u\u017cycia?<\/a>\n\t\t\t\t\t<\/div>\n\t\t\t\t\t<div id=\"elementor-tab-content-2386\" class=\"elementor-tab-content elementor-clearfix\" data-tab=\"6\" role=\"region\" aria-labelledby=\"elementor-tab-title-2386\">Zalecamy unikanie stosowania bezpo\u015brednio w okolicy oczu. Nie nale\u017cy tak\u017ce stosowa\u0107 w pobli\u017cu serca ze wzgl\u0119du na mo\u017cliwe zak\u0142\u00f3cenia rytmu serca. Nale\u017cy unika\u0107 obszaru rynienki naczyniowej, aby zmniejszy\u0107 ryzyko zak\u0142\u00f3ce\u0144 naczyniowych i neurologicznych.<\/div>\n\t\t\t\t<\/div>\n\t\t\t\t\t\t\t<div class=\"elementor-accordion-item\">\n\t\t\t\t\t<div id=\"elementor-tab-title-2387\" class=\"elementor-tab-title\" data-tab=\"7\" role=\"button\" aria-controls=\"elementor-tab-content-2387\" aria-expanded=\"false\">\n\t\t\t\t\t\t\t\t\t\t\t\t\t<span class=\"elementor-accordion-icon elementor-accordion-icon-right\" aria-hidden=\"true\">\n\t\t\t\t\t\t\t\t\t\t\t\t\t\t\t<span class=\"elementor-accordion-icon-closed\"><i class=\"fas fa-chevron-down\"><\/i><\/span>\n\t\t\t\t\t\t\t\t<span class=\"elementor-accordion-icon-opened\"><i class=\"fas fa-chevron-up\"><\/i><\/span>\n\t\t\t\t\t\t\t\t\t\t\t\t\t\t<\/span>\n\t\t\t\t\t\t\t\t\t\t\t\t<a class=\"elementor-accordion-title\" tabindex=\"0\">Jak g\u0142\u0119boko dzia\u0142a PetCellpen?<\/a>\n\t\t\t\t\t<\/div>\n\t\t\t\t\t<div id=\"elementor-tab-content-2387\" class=\"elementor-tab-content elementor-clearfix\" data-tab=\"7\" role=\"region\" aria-labelledby=\"elementor-tab-title-2387\">Do 1 cm na pierwszym poziomie (reaktywne formy tlenu i inne sk\u0142adniki) oraz ponad 1 cm na drugim poziomie (pola elektromagnetyczne).<\/div>\n\t\t\t\t<\/div>\n\t\t\t\t\t\t\t<div class=\"elementor-accordion-item\">\n\t\t\t\t\t<div id=\"elementor-tab-title-2388\" class=\"elementor-tab-title\" data-tab=\"8\" role=\"button\" aria-controls=\"elementor-tab-content-2388\" aria-expanded=\"false\">\n\t\t\t\t\t\t\t\t\t\t\t\t\t<span class=\"elementor-accordion-icon elementor-accordion-icon-right\" aria-hidden=\"true\">\n\t\t\t\t\t\t\t\t\t\t\t\t\t\t\t<span class=\"elementor-accordion-icon-closed\"><i class=\"fas fa-chevron-down\"><\/i><\/span>\n\t\t\t\t\t\t\t\t<span class=\"elementor-accordion-icon-opened\"><i class=\"fas fa-chevron-up\"><\/i><\/span>\n\t\t\t\t\t\t\t\t\t\t\t\t\t\t<\/span>\n\t\t\t\t\t\t\t\t\t\t\t\t<a class=\"elementor-accordion-title\" tabindex=\"0\">Czy mo\u017cna stosowa\u0107 u wszystkich gatunk\u00f3w zwierz\u0105t?<\/a>\n\t\t\t\t\t<\/div>\n\t\t\t\t\t<div id=\"elementor-tab-content-2388\" class=\"elementor-tab-content elementor-clearfix\" data-tab=\"8\" role=\"region\" aria-labelledby=\"elementor-tab-title-2388\">Tak, nawet u gad\u00f3w i ptak\u00f3w.<\/div>\n\t\t\t\t<\/div>\n\t\t\t\t\t\t\t<div class=\"elementor-accordion-item\">\n\t\t\t\t\t<div id=\"elementor-tab-title-2389\" class=\"elementor-tab-title\" data-tab=\"9\" role=\"button\" aria-controls=\"elementor-tab-content-2389\" aria-expanded=\"false\">\n\t\t\t\t\t\t\t\t\t\t\t\t\t<span class=\"elementor-accordion-icon elementor-accordion-icon-right\" aria-hidden=\"true\">\n\t\t\t\t\t\t\t\t\t\t\t\t\t\t\t<span class=\"elementor-accordion-icon-closed\"><i class=\"fas fa-chevron-down\"><\/i><\/span>\n\t\t\t\t\t\t\t\t<span class=\"elementor-accordion-icon-opened\"><i class=\"fas fa-chevron-up\"><\/i><\/span>\n\t\t\t\t\t\t\t\t\t\t\t\t\t\t<\/span>\n\t\t\t\t\t\t\t\t\t\t\t\t<a class=\"elementor-accordion-title\" tabindex=\"0\">Czym r\u00f3\u017cni si\u0119 PetCellpen od terapii laserowej?<\/a>\n\t\t\t\t\t<\/div>\n\t\t\t\t\t<div id=\"elementor-tab-content-2389\" class=\"elementor-tab-content elementor-clearfix\" data-tab=\"9\" role=\"region\" aria-labelledby=\"elementor-tab-title-2389\">\nZimna plazma atmosferyczna (CAP \u2013 Cold Atmospheric Plasma) to technologia wykorzystuj\u0105ca wy\u0142adowania elektryczne do jonizacji powietrza, w wyniku czego powstaje mieszanina reaktywnych form tlenu i azotu o w\u0142a\u015bciwo\u015bciach bakteriob\u00f3jczych oraz zdolno\u015bci do modulowania proces\u00f3w zapalnych. Dodatkowo generowane s\u0105 inne aktywne sk\u0142adniki, takie jak elektrony, jony, promieniowanie ultrafioletowe, \u015bwiat\u0142o widzialne, promieniowanie cieplne oraz pola elektromagnetyczne. Sk\u0142adniki te, opr\u00f3cz penetracji tkanek na g\u0142\u0119boko\u015b\u0107 przekraczaj\u0105c\u0105 1 cm, mog\u0105 by\u0107 potencjalnie przewodzone przez w\u0142\u00f3kna mi\u0119\u015bniowe do jeszcze g\u0142\u0119bszych warstw.\n\n<br><br>\n\nZ kolei terapia laserowa wykorzystuje wi\u0105zk\u0119 \u015bwiat\u0142a laserowego o okre\u015blonej d\u0142ugo\u015bci fali (zazwyczaj w zakresie 600\u20131000 nm) w celu stymulacji produkcji ATP w kom\u00f3rkach. Mo\u017ce to przyspieszy\u0107 gojenie ran i zmniejszy\u0107 b\u00f3l. Terapia laserowa jest zazwyczaj stosowana w spos\u00f3b po\u015bredni, co oznacza, \u017ce laser aplikowany jest z pewnej odleg\u0142o\u015bci od rany.\n<br><br>\nPodsumowuj\u0105c, podczas gdy zimna plazma atmosferyczna (CAP) opiera si\u0119 na uwalnianiu reaktywnych form tlenu i innych aktywnych sk\u0142adnik\u00f3w w celu wspomagania gojenia, terapia laserowa wykorzystuje zmodyfikowane \u015bwiat\u0142o do stymulowania aktywno\u015bci metabolicznej kom\u00f3rek. G\u0142\u00f3wna r\u00f3\u017cnica polega r\u00f3wnie\u017c na sposobie aplikacji energii: CAP to metoda bezpo\u015brednia, natomiast terapia laserowa jest metod\u0105 po\u015bredni\u0105, wymagaj\u0105c\u0105 nie tylko \u017ar\u00f3d\u0142a energii, ale tak\u017ce komory rezonansowej i medium przewodz\u0105cego, kt\u00f3re r\u00f3\u017cni si\u0119 w zale\u017cno\u015bci od zastosowania.\n\n<br>\n<br>\n<em> Isbary, G., et al. (2010). A first clinical study on cold atmospheric plasma for wound healing. Plasma Medicine, 1(1), 39-49.\n<\/em><em> Hamblin, M. R. (2016). Mechanisms of low-level laser therapy. Proc. SPIE 9730, Laser-Based Micro- and Nano-Technologies, 973004.<\/em><\/div>\n\t\t\t\t<\/div>\n\t\t\t\t\t\t\t<div class=\"elementor-accordion-item\">\n\t\t\t\t\t<div id=\"elementor-tab-title-23810\" class=\"elementor-tab-title\" data-tab=\"10\" role=\"button\" aria-controls=\"elementor-tab-content-23810\" aria-expanded=\"false\">\n\t\t\t\t\t\t\t\t\t\t\t\t\t<span class=\"elementor-accordion-icon elementor-accordion-icon-right\" aria-hidden=\"true\">\n\t\t\t\t\t\t\t\t\t\t\t\t\t\t\t<span class=\"elementor-accordion-icon-closed\"><i class=\"fas fa-chevron-down\"><\/i><\/span>\n\t\t\t\t\t\t\t\t<span class=\"elementor-accordion-icon-opened\"><i class=\"fas fa-chevron-up\"><\/i><\/span>\n\t\t\t\t\t\t\t\t\t\t\t\t\t\t<\/span>\n\t\t\t\t\t\t\t\t\t\t\t\t<a class=\"elementor-accordion-title\" tabindex=\"0\">Czym r\u00f3\u017cni si\u0119 zimna plazma od fotobiomodulacji?<\/a>\n\t\t\t\t\t<\/div>\n\t\t\t\t\t<div id=\"elementor-tab-content-23810\" class=\"elementor-tab-content elementor-clearfix\" data-tab=\"10\" role=\"region\" aria-labelledby=\"elementor-tab-title-23810\"><p>Obie technologie s\u0105 stosowane w medycynie weterynaryjnej w celu wspierania gojenia ran i redukcji b\u00f3lu, jednak r\u00f3\u017cni\u0105 si\u0119 mechanizmami dzia\u0142ania.<\/p><p>Zimna plazma atmosferyczna (CAP, od ang. Cold Atmospheric Plasma) to technika wykorzystuj\u0105ca wy\u0142adowanie elektryczne do jonizacji powietrza i tworzenia mieszaniny reaktywnych form tlenu i azotu, kt\u00f3re maj\u0105 w\u0142a\u015bciwo\u015bci bakteriob\u00f3jcze i moduluj\u0105ce stany zapalne, dzia\u0142aj\u0105c na g\u0142\u0119boko\u015b\u0107 do 1 cm. Dodatkowo generuje inne aktywne sk\u0142adniki, takie jak elektrony, jony, promieniowanie ultrafioletowe, \u015bwiat\u0142o widzialne, promieniowanie termiczne oraz pola elektromagnetyczne. Te komponenty mog\u0105 penetrowa\u0107 tkanki na g\u0142\u0119boko\u015b\u0107 ponad 1 cm i, jak si\u0119 przypuszcza, by\u0107 przewodzone przez w\u0142\u00f3kna mi\u0119\u015bniowe do jeszcze g\u0142\u0119bszych warstw.<\/p><p>Z kolei fotobiomodulacja (FBM) to technika wykorzystuj\u0105ca \u015bwiat\u0142o o okre\u015blonych d\u0142ugo\u015bciach fal (zazwyczaj w zakresie 600\u20131000 nm), kt\u00f3re przenika na g\u0142\u0119boko\u015b\u0107 maksymalnie 6 mm, stymuluj\u0105c produkcj\u0119 ATP w kom\u00f3rkach. Mo\u017ce to przyspieszy\u0107 gojenie ran i zmniejszy\u0107 b\u00f3l.<\/p><p><em>Isbary, G., et al. (2010). A first clinical study on cold atmospheric plasma for wound healing. Plasma Medicine, 1(1), 39-49.<br \/>Hamblin, M. R. (2016). Photobiomodulation: light therapy for the 21st century. Journal of Clinical and Aesthetic Dermatology, 9(6), 14\u201316<br \/><\/em><\/p><\/div>\n\t\t\t\t<\/div>\n\t\t\t\t\t\t\t<div class=\"elementor-accordion-item\">\n\t\t\t\t\t<div id=\"elementor-tab-title-23811\" class=\"elementor-tab-title\" data-tab=\"11\" role=\"button\" aria-controls=\"elementor-tab-content-23811\" aria-expanded=\"false\">\n\t\t\t\t\t\t\t\t\t\t\t\t\t<span class=\"elementor-accordion-icon elementor-accordion-icon-right\" aria-hidden=\"true\">\n\t\t\t\t\t\t\t\t\t\t\t\t\t\t\t<span class=\"elementor-accordion-icon-closed\"><i class=\"fas fa-chevron-down\"><\/i><\/span>\n\t\t\t\t\t\t\t\t<span class=\"elementor-accordion-icon-opened\"><i class=\"fas fa-chevron-up\"><\/i><\/span>\n\t\t\t\t\t\t\t\t\t\t\t\t\t\t<\/span>\n\t\t\t\t\t\t\t\t\t\t\t\t<a class=\"elementor-accordion-title\" tabindex=\"0\">W jaki spos\u00f3b zimna plazma inaktywuje bakterie, nie uszkadzaj\u0105c przy tym \u017cywych kom\u00f3rek tkanki, na kt\u00f3r\u0105 jest aplikowana?<\/a>\n\t\t\t\t\t<\/div>\n\t\t\t\t\t<div id=\"elementor-tab-content-23811\" class=\"elementor-tab-content elementor-clearfix\" data-tab=\"11\" role=\"region\" aria-labelledby=\"elementor-tab-title-23811\"><p>Bakterie posiadaj\u0105 niechroniony materia\u0142 genetyczny, kt\u00f3ry swobodnie rozmieszczony jest w cytoplazmie (prokarioty). W przeciwie\u0144stwie do nich, kom\u00f3rki zwierz\u0119ce i ro\u015blinne (eukarioty) maj\u0105 precyzyjnie zdefiniowane j\u0105dro kom\u00f3rkowe, otoczone podw\u00f3jn\u0105 b\u0142on\u0105 j\u0105drow\u0105 zwi\u0105zan\u0105 z retikulum endoplazmatycznym. Dzi\u0119ki temu zimna plazma oddzia\u0142uje g\u0142\u00f3wnie na bakterie oraz ju\u017c uszkodzone kom\u00f3rki, zanim wp\u0142ynie na zdrowe kom\u00f3rki pacjenta. Z tego powodu uwa\u017ca si\u0119, \u017ce charakteryzuje si\u0119 ona wyj\u0105tkowo szerokim oknem terapeutycznym.<\/p><\/div>\n\t\t\t\t<\/div>\n\t\t\t\t\t\t\t<div class=\"elementor-accordion-item\">\n\t\t\t\t\t<div id=\"elementor-tab-title-23812\" class=\"elementor-tab-title\" data-tab=\"12\" role=\"button\" aria-controls=\"elementor-tab-content-23812\" aria-expanded=\"false\">\n\t\t\t\t\t\t\t\t\t\t\t\t\t<span class=\"elementor-accordion-icon elementor-accordion-icon-right\" aria-hidden=\"true\">\n\t\t\t\t\t\t\t\t\t\t\t\t\t\t\t<span class=\"elementor-accordion-icon-closed\"><i class=\"fas fa-chevron-down\"><\/i><\/span>\n\t\t\t\t\t\t\t\t<span class=\"elementor-accordion-icon-opened\"><i class=\"fas fa-chevron-up\"><\/i><\/span>\n\t\t\t\t\t\t\t\t\t\t\t\t\t\t<\/span>\n\t\t\t\t\t\t\t\t\t\t\t\t<a class=\"elementor-accordion-title\" tabindex=\"0\">Dlaczego m\u00f3wimy, \u017ce reaktywne formy tlenu generowane przez zimn\u0105 plazm\u0119 s\u0105 korzystne dla ran, podczas gdy istniej\u0105 miejscowe \u015brodki lecznicze wspomagaj\u0105ce gojenie ran w\u0142a\u015bnie dzi\u0119ki ich dzia\u0142aniu antyoksydacyjnemu? Czy to nie jest sprzeczno\u015b\u0107?<\/a>\n\t\t\t\t\t<\/div>\n\t\t\t\t\t<div id=\"elementor-tab-content-23812\" class=\"elementor-tab-content elementor-clearfix\" data-tab=\"12\" role=\"region\" aria-labelledby=\"elementor-tab-title-23812\"><p>Z\u0142o\u017cony proces regeneracji rany wymaga delikatnej r\u00f3wnowagi mi\u0119dzy koniecznym stresem oksydacyjnym, kt\u00f3ry powstaje naturalnie, a antyoksydantami. Wolne rodniki wprowadzone na pocz\u0105tkowym etapie gojenia rany s\u0105 korzystne, natomiast ich d\u0142ugotrwa\u0142a obecno\u015b\u0107 w tkance na p\u00f3\u017aniejszych etapach ju\u017c nie. Reaktywne formy tlenu (ROS) i azotu (NOS) generowane przez CAP (zimn\u0105 plazm\u0119) dzia\u0142aj\u0105 natychmiastowo, inaktywuj\u0105c mikroorganizmy i pomagaj\u0105c eliminowa\u0107 uszkodzone kom\u00f3rki \u2013 wy\u0142\u0105cznie podczas aplikacji, bez trwa\u0142ego efektu w czasie. Dzia\u0142anie to ma charakter dezynfekuj\u0105cy i oczyszczaj\u0105cy, a dodatkowo inne komponenty zimnej plazmy, kt\u00f3re utrzymuj\u0105 si\u0119 mi\u0119dzy sesjami, wspieraj\u0105 reaktywacj\u0119 procesu gojenia. W przewlek\u0142ych ranach z infekcj\u0105, wydzielin\u0105 lub znaczn\u0105 ilo\u015bci\u0105 kom\u00f3rkowych resztek, nadmiar wolnych rodnik\u00f3w utrzymuj\u0105cych si\u0119 w tkance przez d\u0142ugi czas op\u00f3\u017ania gojenie, negatywnie wp\u0142ywaj\u0105c na fibroblasty, keratynocyty i macierz kom\u00f3rkow\u0105. W zwi\u0105zku z tym miejscowe \u015brodki wspomagaj\u0105ce gojenie, o dzia\u0142aniu antyoksydacyjnym, nie s\u0105 sprzeczne z dzia\u0142aniem zimnej plazmy. Mog\u0105 by\u0107 stosowane w domu, pomi\u0119dzy sesjami z u\u017cyciem PetCellpen, je\u015bli jest to konieczne, w celu optymalizacji regeneracji.<\/p><\/div>\n\t\t\t\t<\/div>\n\t\t\t\t\t\t\t<div class=\"elementor-accordion-item\">\n\t\t\t\t\t<div id=\"elementor-tab-title-23813\" class=\"elementor-tab-title\" data-tab=\"13\" role=\"button\" aria-controls=\"elementor-tab-content-23813\" aria-expanded=\"false\">\n\t\t\t\t\t\t\t\t\t\t\t\t\t<span class=\"elementor-accordion-icon elementor-accordion-icon-right\" aria-hidden=\"true\">\n\t\t\t\t\t\t\t\t\t\t\t\t\t\t\t<span class=\"elementor-accordion-icon-closed\"><i class=\"fas fa-chevron-down\"><\/i><\/span>\n\t\t\t\t\t\t\t\t<span class=\"elementor-accordion-icon-opened\"><i class=\"fas fa-chevron-up\"><\/i><\/span>\n\t\t\t\t\t\t\t\t\t\t\t\t\t\t<\/span>\n\t\t\t\t\t\t\t\t\t\t\t\t<a class=\"elementor-accordion-title\" tabindex=\"0\">Jak czy\u015bci si\u0119 szklane elektrody?<\/a>\n\t\t\t\t\t<\/div>\n\t\t\t\t\t<div id=\"elementor-tab-content-23813\" class=\"elementor-tab-content elementor-clearfix\" data-tab=\"13\" role=\"region\" aria-labelledby=\"elementor-tab-title-23813\"><p>Urz\u0105dzenie nale\u017cy czy\u015bci\u0107 chusteczk\u0105 dezynfekuj\u0105c\u0105 zar\u00f3wno przed, jak i po ka\u017cdym zabiegu. Dezynfekcja elektrod oraz samego urz\u0105dzenia za pomoc\u0105 chusteczek zosta\u0142a uznana za wystarczaj\u0105c\u0105 w ramach certyfikacji CE, potwierdzaj\u0105cej jego status jako produktu medycznego.<\/p><p>W trakcie pracy elektroda szklana ulega samosterylizacji dzi\u0119ki emitowanej zimnej plazmie. Nie nale\u017cy umieszcza\u0107 elektrod w autoklawie.<\/p><\/div>\n\t\t\t\t<\/div>\n\t\t\t\t\t\t\t<div class=\"elementor-accordion-item\">\n\t\t\t\t\t<div id=\"elementor-tab-title-23814\" class=\"elementor-tab-title\" data-tab=\"14\" role=\"button\" aria-controls=\"elementor-tab-content-23814\" aria-expanded=\"false\">\n\t\t\t\t\t\t\t\t\t\t\t\t\t<span class=\"elementor-accordion-icon elementor-accordion-icon-right\" aria-hidden=\"true\">\n\t\t\t\t\t\t\t\t\t\t\t\t\t\t\t<span class=\"elementor-accordion-icon-closed\"><i class=\"fas fa-chevron-down\"><\/i><\/span>\n\t\t\t\t\t\t\t\t<span class=\"elementor-accordion-icon-opened\"><i class=\"fas fa-chevron-up\"><\/i><\/span>\n\t\t\t\t\t\t\t\t\t\t\t\t\t\t<\/span>\n\t\t\t\t\t\t\t\t\t\t\t\t<a class=\"elementor-accordion-title\" tabindex=\"0\">Jaka jest \"\u017cywotno\u015b\u0107\" urz\u0105dzenia? Czy posiada gwarancj\u0119? Czy mo\u017cna je naprawi\u0107?<\/a>\n\t\t\t\t\t<\/div>\n\t\t\t\t\t<div id=\"elementor-tab-content-23814\" class=\"elementor-tab-content elementor-clearfix\" data-tab=\"14\" role=\"region\" aria-labelledby=\"elementor-tab-title-23814\"><p>\u015arednia \u017cywotno\u015b\u0107 urz\u0105dzenia wynosi 5 lat. Urz\u0105dzenia PetCellpen i EquCellpen zosta\u0142y przetestowane pod k\u0105tem intensywnego u\u017cytkowania przez 8 godzin dziennie, a po trzech latach nadal utrzymuj\u0105 swoj\u0105 pe\u0142n\u0105 wydajno\u015b\u0107.<br \/>Urz\u0105dzenie obj\u0119te jest 2-letni\u0105 gwarancj\u0105, a przegl\u0105dy techniczne i naprawy mog\u0105 by\u0107 realizowane w fabryce w Szwajcarii. Istnieje r\u00f3wnie\u017c mo\u017cliwo\u015b\u0107 wykonania tych us\u0142ug w technicznych firmach partnerskich na terenie UE, poza Szwajcari\u0105.<\/p><\/div>\n\t\t\t\t<\/div>\n\t\t\t\t\t\t\t<div class=\"elementor-accordion-item\">\n\t\t\t\t\t<div id=\"elementor-tab-title-23815\" class=\"elementor-tab-title\" data-tab=\"15\" role=\"button\" aria-controls=\"elementor-tab-content-23815\" aria-expanded=\"false\">\n\t\t\t\t\t\t\t\t\t\t\t\t\t<span class=\"elementor-accordion-icon elementor-accordion-icon-right\" aria-hidden=\"true\">\n\t\t\t\t\t\t\t\t\t\t\t\t\t\t\t<span class=\"elementor-accordion-icon-closed\"><i class=\"fas fa-chevron-down\"><\/i><\/span>\n\t\t\t\t\t\t\t\t<span class=\"elementor-accordion-icon-opened\"><i class=\"fas fa-chevron-up\"><\/i><\/span>\n\t\t\t\t\t\t\t\t\t\t\t\t\t\t<\/span>\n\t\t\t\t\t\t\t\t\t\t\t\t<a class=\"elementor-accordion-title\" tabindex=\"0\">W przypadku ran z nadmiarem wilgoci, takich jak na przyk\u0142ad zmiany jamiste, czy mo\u017cna stosowa\u0107 urz\u0105dzenie bez problemu? Czy istniej\u0105 jakie\u015b zalecenia? A co, je\u015bli wcze\u015bniej u\u017cyto jakiego\u015b produktu chemicznego?<\/a>\n\t\t\t\t\t<\/div>\n\t\t\t\t\t<div id=\"elementor-tab-content-23815\" class=\"elementor-tab-content elementor-clearfix\" data-tab=\"15\" role=\"region\" aria-labelledby=\"elementor-tab-title-23815\"><p>Tak, obecno\u015b\u0107 cz\u0105steczek wody w tkance poddanej terapii sprzyja powstawaniu reaktywnych form. Jednak w przypadku ropni lub zmian z obfit\u0105 wydzielin\u0105 zaleca si\u0119 usuni\u0119cie jak najwi\u0119kszej ilo\u015bci nadmiaru p\u0142ynu, na przyk\u0142ad poprzez p\u0142ukanie sol\u0105 fizjologiczn\u0105 i redukcj\u0119 wilgoci. Wcze\u015bniejsze zastosowanie \u015brodk\u00f3w chemicznych przed u\u017cyciem urz\u0105dzenia nie stanowi \u017cadnego problemu.<\/p><\/div>\n\t\t\t\t<\/div>\n\t\t\t\t\t\t\t<div class=\"elementor-accordion-item\">\n\t\t\t\t\t<div id=\"elementor-tab-title-23816\" class=\"elementor-tab-title\" data-tab=\"16\" role=\"button\" aria-controls=\"elementor-tab-content-23816\" aria-expanded=\"false\">\n\t\t\t\t\t\t\t\t\t\t\t\t\t<span class=\"elementor-accordion-icon elementor-accordion-icon-right\" aria-hidden=\"true\">\n\t\t\t\t\t\t\t\t\t\t\t\t\t\t\t<span class=\"elementor-accordion-icon-closed\"><i class=\"fas fa-chevron-down\"><\/i><\/span>\n\t\t\t\t\t\t\t\t<span class=\"elementor-accordion-icon-opened\"><i class=\"fas fa-chevron-up\"><\/i><\/span>\n\t\t\t\t\t\t\t\t\t\t\t\t\t\t<\/span>\n\t\t\t\t\t\t\t\t\t\t\t\t<a class=\"elementor-accordion-title\" tabindex=\"0\">Czy istniej\u0105 przeciwwskazania do stosowania, je\u015bli wcze\u015bniej u\u017cyto jodu, chlorheksydyny lub pigmentowanych produkt\u00f3w?<\/a>\n\t\t\t\t\t<\/div>\n\t\t\t\t\t<div id=\"elementor-tab-content-23816\" class=\"elementor-tab-content elementor-clearfix\" data-tab=\"16\" role=\"region\" aria-labelledby=\"elementor-tab-title-23816\"><p>Nie, \u017cadne.<\/p><\/div>\n\t\t\t\t<\/div>\n\t\t\t\t\t\t\t<div class=\"elementor-accordion-item\">\n\t\t\t\t\t<div id=\"elementor-tab-title-23817\" class=\"elementor-tab-title\" data-tab=\"17\" role=\"button\" aria-controls=\"elementor-tab-content-23817\" aria-expanded=\"false\">\n\t\t\t\t\t\t\t\t\t\t\t\t\t<span class=\"elementor-accordion-icon elementor-accordion-icon-right\" aria-hidden=\"true\">\n\t\t\t\t\t\t\t\t\t\t\t\t\t\t\t<span class=\"elementor-accordion-icon-closed\"><i class=\"fas fa-chevron-down\"><\/i><\/span>\n\t\t\t\t\t\t\t\t<span class=\"elementor-accordion-icon-opened\"><i class=\"fas fa-chevron-up\"><\/i><\/span>\n\t\t\t\t\t\t\t\t\t\t\t\t\t\t<\/span>\n\t\t\t\t\t\t\t\t\t\t\t\t<a class=\"elementor-accordion-title\" tabindex=\"0\">Czy mi\u0119dzy sesjami zaleca si\u0119 stosowanie ma\u015bci lub innych produkt\u00f3w?<\/a>\n\t\t\t\t\t<\/div>\n\t\t\t\t\t<div id=\"elementor-tab-content-23817\" class=\"elementor-tab-content elementor-clearfix\" data-tab=\"17\" role=\"region\" aria-labelledby=\"elementor-tab-title-23817\"><p>Tak, przede wszystkim nale\u017cy utrzymywa\u0107 odpowiednie nawil\u017cenie, jednak wszystko zale\u017cy od rodzaju rany. Ostra, wilgotna dermatoza wymaga lepszego dotlenienia, podczas gdy rana z ods\u0142oni\u0119ciem ko\u015bci, goj\u0105ca si\u0119 przez ziarninowanie, wymaga innych dzia\u0142a\u0144.<\/p><\/div>\n\t\t\t\t<\/div>\n\t\t\t\t\t\t\t\t<\/div>\n\t\t\t\t<\/div>\n\t\t\t\t<\/div>\n\t\t\t\t\t<\/div>\n\t\t<\/div>\n\t\t\t\t\t<\/div>\n\t\t<\/section>\n\t\t\t\t<section class=\"elementor-section elementor-inner-section elementor-element elementor-element-bd8d887 elementor-section-boxed elementor-section-height-default elementor-section-height-default\" data-id=\"bd8d887\" data-element_type=\"section\">\n\t\t\t\t\t\t<div class=\"elementor-container elementor-column-gap-default\">\n\t\t\t\t\t<div class=\"elementor-column elementor-col-100 elementor-inner-column elementor-element elementor-element-710d790\" data-id=\"710d790\" data-element_type=\"column\" data-settings=\"{&quot;background_background&quot;:&quot;classic&quot;}\">\n\t\t\t<div class=\"elementor-widget-wrap elementor-element-populated\">\n\t\t\t\t\t\t<div class=\"elementor-element elementor-element-a5d78ed elementor-widget elementor-widget-heading\" data-id=\"a5d78ed\" data-element_type=\"widget\" data-widget_type=\"heading.default\">\n\t\t\t\t<div class=\"elementor-widget-container\">\n\t\t\t<h2 class=\"elementor-heading-title elementor-size-default\">ZASTOSOWANIA<\/h2>\t\t<\/div>\n\t\t\t\t<\/div>\n\t\t\t\t<div class=\"elementor-element elementor-element-2fbf5df faqs-accordion elementor-widget elementor-widget-accordion\" data-id=\"2fbf5df\" data-element_type=\"widget\" data-widget_type=\"accordion.default\">\n\t\t\t\t<div class=\"elementor-widget-container\">\n\t\t\t\t\t<div class=\"elementor-accordion\">\n\t\t\t\t\t\t\t<div class=\"elementor-accordion-item\">\n\t\t\t\t\t<div id=\"elementor-tab-title-5001\" class=\"elementor-tab-title\" data-tab=\"1\" role=\"button\" aria-controls=\"elementor-tab-content-5001\" aria-expanded=\"false\">\n\t\t\t\t\t\t\t\t\t\t\t\t\t<span class=\"elementor-accordion-icon elementor-accordion-icon-right\" aria-hidden=\"true\">\n\t\t\t\t\t\t\t\t\t\t\t\t\t\t\t<span class=\"elementor-accordion-icon-closed\"><i class=\"fas fa-chevron-down\"><\/i><\/span>\n\t\t\t\t\t\t\t\t<span class=\"elementor-accordion-icon-opened\"><i class=\"fas fa-chevron-up\"><\/i><\/span>\n\t\t\t\t\t\t\t\t\t\t\t\t\t\t<\/span>\n\t\t\t\t\t\t\t\t\t\t\t\t<a class=\"elementor-accordion-title\" tabindex=\"0\">Jak ustala si\u0119 protoko\u0142y i czas trwania ka\u017cdego leczenia?<\/a>\n\t\t\t\t\t<\/div>\n\t\t\t\t\t<div id=\"elementor-tab-content-5001\" class=\"elementor-tab-content elementor-clearfix\" data-tab=\"1\" role=\"region\" aria-labelledby=\"elementor-tab-title-5001\"><p>Pierwsze protoko\u0142y zosta\u0142y zaadaptowane z medycyny ludzkiej, a do\u015bwiadczenie w ich stosowaniu zdobywali\u015bmy przez ostatnie 5 lat. Wszystkie szczeg\u00f3\u0142y zosta\u0142y opisane w Przewodniku Terapeutycznym, kt\u00f3ry zawiera og\u00f3lne zasady aplikacji oparte na pomiarach biologicznych efekt\u00f3w INP oraz do\u015bwiadczeniach klinicznych ekspert\u00f3w.<br \/>Przewodnik obejmuje r\u00f3wnie\u017c list\u0119 wskaza\u0144 i zalece\u0144 dotycz\u0105cych terapii, a wyb\u00f3r elektrody odbywa si\u0119 w zale\u017cno\u015bci od rodzaju patologii. Czas trwania terapii jest uzale\u017cniony od wielko\u015bci obszaru leczenia, rodzaju elektrody oraz stanu rany.<br \/>W razie pyta\u0144 technicznych pracownicy LIVISTO pozostaj\u0105 do Pa\u0144stwa dyspozycji i ch\u0119tnie rozwiej\u0105 wszelkie w\u0105tpliwo\u015bci.<\/p><\/div>\n\t\t\t\t<\/div>\n\t\t\t\t\t\t\t<div class=\"elementor-accordion-item\">\n\t\t\t\t\t<div id=\"elementor-tab-title-5002\" class=\"elementor-tab-title\" data-tab=\"2\" role=\"button\" aria-controls=\"elementor-tab-content-5002\" aria-expanded=\"false\">\n\t\t\t\t\t\t\t\t\t\t\t\t\t<span class=\"elementor-accordion-icon elementor-accordion-icon-right\" aria-hidden=\"true\">\n\t\t\t\t\t\t\t\t\t\t\t\t\t\t\t<span class=\"elementor-accordion-icon-closed\"><i class=\"fas fa-chevron-down\"><\/i><\/span>\n\t\t\t\t\t\t\t\t<span class=\"elementor-accordion-icon-opened\"><i class=\"fas fa-chevron-up\"><\/i><\/span>\n\t\t\t\t\t\t\t\t\t\t\t\t\t\t<\/span>\n\t\t\t\t\t\t\t\t\t\t\t\t<a class=\"elementor-accordion-title\" tabindex=\"0\">Co dzieje si\u0119, je\u015bli stosuje si\u0119 terapi\u0119 na obszarach pozbawionych pigmentu?<\/a>\n\t\t\t\t\t<\/div>\n\t\t\t\t\t<div id=\"elementor-tab-content-5002\" class=\"elementor-tab-content elementor-clearfix\" data-tab=\"2\" role=\"region\" aria-labelledby=\"elementor-tab-title-5002\"><p>Obszary pozbawione pigmentu nie wykazuj\u0105 wi\u0119kszej wra\u017cliwo\u015bci na zimn\u0105 plazm\u0119 ni\u017c te zawieraj\u0105ce pigment. Wed\u0142ug dost\u0119pnej wiedzy, pigmentacja nie ulega zmianie pod wp\u0142ywem terapii. Blizny i bliznowce mog\u0105 jednak zosta\u0107 przebudowane i zmniejszone dzi\u0119ki poprawie mikrokr\u0105\u017cenia oraz struktury kom\u00f3rkowej.<\/p><\/div>\n\t\t\t\t<\/div>\n\t\t\t\t\t\t\t<div class=\"elementor-accordion-item\">\n\t\t\t\t\t<div id=\"elementor-tab-title-5003\" class=\"elementor-tab-title\" data-tab=\"3\" role=\"button\" aria-controls=\"elementor-tab-content-5003\" aria-expanded=\"false\">\n\t\t\t\t\t\t\t\t\t\t\t\t\t<span class=\"elementor-accordion-icon elementor-accordion-icon-right\" aria-hidden=\"true\">\n\t\t\t\t\t\t\t\t\t\t\t\t\t\t\t<span class=\"elementor-accordion-icon-closed\"><i class=\"fas fa-chevron-down\"><\/i><\/span>\n\t\t\t\t\t\t\t\t<span class=\"elementor-accordion-icon-opened\"><i class=\"fas fa-chevron-up\"><\/i><\/span>\n\t\t\t\t\t\t\t\t\t\t\t\t\t\t<\/span>\n\t\t\t\t\t\t\t\t\t\t\t\t<a class=\"elementor-accordion-title\" tabindex=\"0\">Jakie paso\u017cyty mo\u017cna leczy\u0107 za pomoc\u0105 tej technologii?<\/a>\n\t\t\t\t\t<\/div>\n\t\t\t\t\t<div id=\"elementor-tab-content-5003\" class=\"elementor-tab-content elementor-clearfix\" data-tab=\"3\" role=\"region\" aria-labelledby=\"elementor-tab-title-5003\"><p>Demodex spp. i wszy. Nie ma do\u015bwiadczenia w leczeniu infestacji Sarcoptes spp.<\/p><\/div>\n\t\t\t\t<\/div>\n\t\t\t\t\t\t\t<div class=\"elementor-accordion-item\">\n\t\t\t\t\t<div id=\"elementor-tab-title-5004\" class=\"elementor-tab-title\" data-tab=\"4\" role=\"button\" aria-controls=\"elementor-tab-content-5004\" aria-expanded=\"false\">\n\t\t\t\t\t\t\t\t\t\t\t\t\t<span class=\"elementor-accordion-icon elementor-accordion-icon-right\" aria-hidden=\"true\">\n\t\t\t\t\t\t\t\t\t\t\t\t\t\t\t<span class=\"elementor-accordion-icon-closed\"><i class=\"fas fa-chevron-down\"><\/i><\/span>\n\t\t\t\t\t\t\t\t<span class=\"elementor-accordion-icon-opened\"><i class=\"fas fa-chevron-up\"><\/i><\/span>\n\t\t\t\t\t\t\t\t\t\t\t\t\t\t<\/span>\n\t\t\t\t\t\t\t\t\t\t\t\t<a class=\"elementor-accordion-title\" tabindex=\"0\">Czy mo\u017cna stosowa\u0107 w kontek\u015bcie chirurgicznym? Jakie rodzaje operacji i w jakich celach technicznych?<\/a>\n\t\t\t\t\t<\/div>\n\t\t\t\t\t<div id=\"elementor-tab-content-5004\" class=\"elementor-tab-content elementor-clearfix\" data-tab=\"4\" role=\"region\" aria-labelledby=\"elementor-tab-title-5004\"><p>Tak, to rzeczywi\u015bcie jeden z jej kluczowych atut\u00f3w. Zimna plazma jest powszechnie wykorzystywana w przemy\u015ble do sterylizacji implant\u00f3w chirurgicznych i stomatologicznych. W weterynarii, zw\u0142aszcza w traumatologii, mo\u017ce by\u0107 stosowana do leczenia powierzchni implant\u00f3w ortopedycznych bezpo\u015brednio po ich za\u0142o\u017ceniu, co pomaga zmniejszy\u0107 ryzyko infekcji. Zimn\u0105 plazm\u0119 mo\u017cna r\u00f3wnie\u017c wykorzysta\u0107 do leczenia ran chirurgicznych w przypadku ich rozej\u015bcia, ekspozycji implant\u00f3w ortopedycznych lub w celu utrzymania higieny zewn\u0119trznych stabilizator\u00f3w.<\/p><p><strong>PetCellpen<sup>\u00ae<\/sup><\/strong> by\u0142 r\u00f3wnie\u017c stosowany do leczenia ropni jamistych wewn\u0105trzotrzewnowych podczas operacji. W miar\u0119 rozpowszechniania si\u0119 tej technologii z pewno\u015bci\u0105 zwi\u0119kszy si\u0119 zakres jej zastosowania w chirurgii i stomatologii.<\/p><p>Przypadek: Doro (s. 3)<\/p><\/div>\n\t\t\t\t<\/div>\n\t\t\t\t\t\t\t<div class=\"elementor-accordion-item\">\n\t\t\t\t\t<div id=\"elementor-tab-title-5005\" class=\"elementor-tab-title\" data-tab=\"5\" role=\"button\" aria-controls=\"elementor-tab-content-5005\" aria-expanded=\"false\">\n\t\t\t\t\t\t\t\t\t\t\t\t\t<span class=\"elementor-accordion-icon elementor-accordion-icon-right\" aria-hidden=\"true\">\n\t\t\t\t\t\t\t\t\t\t\t\t\t\t\t<span class=\"elementor-accordion-icon-closed\"><i class=\"fas fa-chevron-down\"><\/i><\/span>\n\t\t\t\t\t\t\t\t<span class=\"elementor-accordion-icon-opened\"><i class=\"fas fa-chevron-up\"><\/i><\/span>\n\t\t\t\t\t\t\t\t\t\t\t\t\t\t<\/span>\n\t\t\t\t\t\t\t\t\t\t\t\t<a class=\"elementor-accordion-title\" tabindex=\"0\">Czy podczas operacji sk\u00f3ry mo\u017cna stosowa\u0107 j\u0105 do usuwania niewielkich zmian, takich jak brodawki, lub do leczenia drobnych \u0142agodnych struktur, takich jak kurzajki?<\/a>\n\t\t\t\t\t<\/div>\n\t\t\t\t\t<div id=\"elementor-tab-content-5005\" class=\"elementor-tab-content elementor-clearfix\" data-tab=\"5\" role=\"region\" aria-labelledby=\"elementor-tab-title-5005\"><p>Dzia\u0142anie terapii zimn\u0105 plazm\u0105 zale\u017cy od dawki i czasu aplikacji. Przy niskich dawkach wspomaga regeneracj\u0119 kom\u00f3rek oraz gojenie ran, natomiast przy wysokich dawkach hamuje proces regeneracji i mo\u017ce powodowa\u0107 cytotoksyczno\u015b\u0107.<br \/>Oznacza to, \u017ce podczas leczenia ran dzia\u0142amy w zakresie terapeutycznym, jednak w przypadku leczenia brodawek lub ma\u0142ych guz\u00f3w sk\u00f3rnych d\u0105\u017cymy do wywo\u0142ania cytotoksyczno\u015bci lub apoptozy.<br \/>PetCellpen jest skuteczny w leczeniu jedynie bardzo ma\u0142ych guz\u00f3w, poniewa\u017c zosta\u0142 zaprojektowany z my\u015bl\u0105 o zapewnieniu maksymalnego bezpiecze\u0144stwa terapeutycznego.<\/p><\/div>\n\t\t\t\t<\/div>\n\t\t\t\t\t\t\t<div class=\"elementor-accordion-item\">\n\t\t\t\t\t<div id=\"elementor-tab-title-5006\" class=\"elementor-tab-title\" data-tab=\"6\" role=\"button\" aria-controls=\"elementor-tab-content-5006\" aria-expanded=\"false\">\n\t\t\t\t\t\t\t\t\t\t\t\t\t<span class=\"elementor-accordion-icon elementor-accordion-icon-right\" aria-hidden=\"true\">\n\t\t\t\t\t\t\t\t\t\t\t\t\t\t\t<span class=\"elementor-accordion-icon-closed\"><i class=\"fas fa-chevron-down\"><\/i><\/span>\n\t\t\t\t\t\t\t\t<span class=\"elementor-accordion-icon-opened\"><i class=\"fas fa-chevron-up\"><\/i><\/span>\n\t\t\t\t\t\t\t\t\t\t\t\t\t\t<\/span>\n\t\t\t\t\t\t\t\t\t\t\t\t<a class=\"elementor-accordion-title\" tabindex=\"0\">W jakiego rodzaju guzach mo\u017cna go potencjalnie zastosowa\u0107?<\/a>\n\t\t\t\t\t<\/div>\n\t\t\t\t\t<div id=\"elementor-tab-content-5006\" class=\"elementor-tab-content elementor-clearfix\" data-tab=\"6\" role=\"region\" aria-labelledby=\"elementor-tab-title-5006\">W medycynie ludzkiej obecnie prowadzone s\u0105 liczne badania (g\u0142\u00f3wnie in vitro).\n\nNajmniejsze guzy sk\u00f3rne oraz \u0142atwo dost\u0119pne brodawki mog\u0105 by\u0107 skutecznie leczone. Zimna plazma mo\u017ce r\u00f3wnie\u017c pe\u0142ni\u0107 rol\u0119 terapii paliatywnej w przypadku owrzodzonych guz\u00f3w, kt\u00f3re nie kwalifikuj\u0105 si\u0119 do leczenia chirurgicznego.\n<strong>PetCellpen<sup>\u00ae<\/sup><\/strong> mo\u017ce by\u0107 stosowany jako terapia wspomagaj\u0105ca, poprawiaj\u0105ca jako\u015b\u0107 \u017cycia pacjent\u00f3w z nieoperacyjnymi guzami zaka\u017conymi i\/lub krwawi\u0105cymi, przy pe\u0142nej \u015bwiadomo\u015bci, \u017ce ca\u0142kowite wyleczenie nie jest mo\u017cliwe.<\/div>\n\t\t\t\t<\/div>\n\t\t\t\t\t\t\t<div class=\"elementor-accordion-item\">\n\t\t\t\t\t<div id=\"elementor-tab-title-5007\" class=\"elementor-tab-title\" data-tab=\"7\" role=\"button\" aria-controls=\"elementor-tab-content-5007\" aria-expanded=\"false\">\n\t\t\t\t\t\t\t\t\t\t\t\t\t<span class=\"elementor-accordion-icon elementor-accordion-icon-right\" aria-hidden=\"true\">\n\t\t\t\t\t\t\t\t\t\t\t\t\t\t\t<span class=\"elementor-accordion-icon-closed\"><i class=\"fas fa-chevron-down\"><\/i><\/span>\n\t\t\t\t\t\t\t\t<span class=\"elementor-accordion-icon-opened\"><i class=\"fas fa-chevron-up\"><\/i><\/span>\n\t\t\t\t\t\t\t\t\t\t\t\t\t\t<\/span>\n\t\t\t\t\t\t\t\t\t\t\t\t<a class=\"elementor-accordion-title\" tabindex=\"0\">Czy mo\u017cna stosowa\u0107 terapi\u0119 w przypadku zapalenia naczy\u0144 ma\u0142\u017cowiny usznej lub innych rodzaj\u00f3w zapale\u0144 naczy\u0144 (np. ko\u0144c\u00f3wka ogona) z dobrymi wynikami?<\/a>\n\t\t\t\t\t<\/div>\n\t\t\t\t\t<div id=\"elementor-tab-content-5007\" class=\"elementor-tab-content elementor-clearfix\" data-tab=\"7\" role=\"region\" aria-labelledby=\"elementor-tab-title-5007\">Tak, dr med. wet. Dipl. ACVD &amp; EBVS<sup>\u00ae<\/sup> Claudia Nett-Mettler ma bardzo dobre do\u015bwiadczenia w tego typu przypadkach, jako uzupe\u0142nienie przewlek\u0142ego leczenia farmakologicznego.\n\nPrzypadek: Guiness (s. 33)<\/div>\n\t\t\t\t<\/div>\n\t\t\t\t\t\t\t<div class=\"elementor-accordion-item\">\n\t\t\t\t\t<div id=\"elementor-tab-title-5008\" class=\"elementor-tab-title\" data-tab=\"8\" role=\"button\" aria-controls=\"elementor-tab-content-5008\" aria-expanded=\"false\">\n\t\t\t\t\t\t\t\t\t\t\t\t\t<span class=\"elementor-accordion-icon elementor-accordion-icon-right\" aria-hidden=\"true\">\n\t\t\t\t\t\t\t\t\t\t\t\t\t\t\t<span class=\"elementor-accordion-icon-closed\"><i class=\"fas fa-chevron-down\"><\/i><\/span>\n\t\t\t\t\t\t\t\t<span class=\"elementor-accordion-icon-opened\"><i class=\"fas fa-chevron-up\"><\/i><\/span>\n\t\t\t\t\t\t\t\t\t\t\t\t\t\t<\/span>\n\t\t\t\t\t\t\t\t\t\t\t\t<a class=\"elementor-accordion-title\" tabindex=\"0\">Czy mo\u017cna stosowa\u0107 terapi\u0119 w przypadku m\u0142odzie\u0144czego cellulitis u kota lub eozynofilowych p\u0142ytek sk\u00f3rnych u kot\u00f3w?<\/a>\n\t\t\t\t\t<\/div>\n\t\t\t\t\t<div id=\"elementor-tab-content-5008\" class=\"elementor-tab-content elementor-clearfix\" data-tab=\"8\" role=\"region\" aria-labelledby=\"elementor-tab-title-5008\"><p>Tak, m\u0142odzie\u0144cza cellulitis u kota jest chorob\u0105 wieloczynnikow\u0105, kt\u00f3rej infekcyjne i zapalne komponenty mo\u017cna skutecznie leczy\u0107, zwalczaj\u0105c objawy cellulitis. Mo\u017cliwe jest r\u00f3wnie\u017c leczenie kociego tr\u0105dziku.<br \/>Eozynofilowe p\u0142ytki sk\u00f3rne mo\u017cna leczy\u0107 dwutorowo: z jednej strony poprzez zmniejszenie wt\u00f3rnych infekcji, a z drugiej przez zahamowanie proliferacji kom\u00f3rek. W tym celu nale\u017cy stosowa\u0107 dawki cytotoksyczne i prowadzi\u0107 terapi\u0119 przez odpowiednio d\u0142ugi czas, aby uzyska\u0107 skuteczne efekty.<\/p><p>Przypadek: Robin, Amiris (s. 10 i 29)<\/p><\/div>\n\t\t\t\t<\/div>\n\t\t\t\t\t\t\t<div class=\"elementor-accordion-item\">\n\t\t\t\t\t<div id=\"elementor-tab-title-5009\" class=\"elementor-tab-title\" data-tab=\"9\" role=\"button\" aria-controls=\"elementor-tab-content-5009\" aria-expanded=\"false\">\n\t\t\t\t\t\t\t\t\t\t\t\t\t<span class=\"elementor-accordion-icon elementor-accordion-icon-right\" aria-hidden=\"true\">\n\t\t\t\t\t\t\t\t\t\t\t\t\t\t\t<span class=\"elementor-accordion-icon-closed\"><i class=\"fas fa-chevron-down\"><\/i><\/span>\n\t\t\t\t\t\t\t\t<span class=\"elementor-accordion-icon-opened\"><i class=\"fas fa-chevron-up\"><\/i><\/span>\n\t\t\t\t\t\t\t\t\t\t\t\t\t\t<\/span>\n\t\t\t\t\t\t\t\t\t\t\t\t<a class=\"elementor-accordion-title\" tabindex=\"0\">W jakiego rodzaju patologiach lub zmianach w jamie ustnej mo\u017cna stosowa\u0107 terapi\u0119?<\/a>\n\t\t\t\t\t<\/div>\n\t\t\t\t\t<div id=\"elementor-tab-content-5009\" class=\"elementor-tab-content elementor-clearfix\" data-tab=\"9\" role=\"region\" aria-labelledby=\"elementor-tab-title-5009\"><p><br \/>Zimna plazma mo\u017ce by\u0107 stosowana do dezynfekcji tkanek po zabiegach chirurgicznych w jamie ustnej oraz do stymulacji szybkiego gojenia, na przyk\u0142ad po wyci\u0119ciu dzi\u0105se\u0142 w przypadku epulis\u00f3w, przerost\u00f3w dzi\u0105se\u0142 czy ekstrakcji z\u0119b\u00f3w.<br \/>Warto jednak pami\u0119ta\u0107, \u017ce stomatitis, jako schorzenie wieloczynnikowe, mo\u017ce nawraca\u0107 po terapii zimn\u0105 plazm\u0105, je\u015bli nie zostanie usuni\u0119ta pierwotna przyczyna.<br \/>Dodatkowo zimna plazma (CAP) wykazuje dzia\u0142anie przeciwwirusowe, kt\u00f3re mo\u017ce wspiera\u0107 leczenie stomatitis o pod\u0142o\u017cu immunologicznym, takich jak stomatitis eozynofilowa, oraz wspomaga\u0107 terapi\u0119 owrzodze\u0144 wywo\u0142anych przez kaliciwirus lub herpeswirus u kot\u00f3w.<\/p><p>Przypadek: Amy (s. 15)<\/p><\/div>\n\t\t\t\t<\/div>\n\t\t\t\t\t\t\t<div class=\"elementor-accordion-item\">\n\t\t\t\t\t<div id=\"elementor-tab-title-50010\" class=\"elementor-tab-title\" data-tab=\"10\" role=\"button\" aria-controls=\"elementor-tab-content-50010\" aria-expanded=\"false\">\n\t\t\t\t\t\t\t\t\t\t\t\t\t<span class=\"elementor-accordion-icon elementor-accordion-icon-right\" aria-hidden=\"true\">\n\t\t\t\t\t\t\t\t\t\t\t\t\t\t\t<span class=\"elementor-accordion-icon-closed\"><i class=\"fas fa-chevron-down\"><\/i><\/span>\n\t\t\t\t\t\t\t\t<span class=\"elementor-accordion-icon-opened\"><i class=\"fas fa-chevron-up\"><\/i><\/span>\n\t\t\t\t\t\t\t\t\t\t\t\t\t\t<\/span>\n\t\t\t\t\t\t\t\t\t\t\t\t<a class=\"elementor-accordion-title\" tabindex=\"0\">W przypadku zmian w jamie ustnej i uszach, czy leczenie zawsze wymaga sedacji lub znieczulenia?<\/a>\n\t\t\t\t\t<\/div>\n\t\t\t\t\t<div id=\"elementor-tab-content-50010\" class=\"elementor-tab-content elementor-clearfix\" data-tab=\"10\" role=\"region\" aria-labelledby=\"elementor-tab-title-50010\"><p>To zale\u017cy od zwierz\u0119cia. Zabiegi w okolicach warg lub powiek s\u0105 zazwyczaj dobrze tolerowane bez sedacji, oczywi\u015bcie w zale\u017cno\u015bci od temperamentu zwierz\u0119cia. Aby przyzwyczai\u0107 zwierz\u0119, na pocz\u0105tku stosuje si\u0119 nisk\u0105 cz\u0119stotliwo\u015b\u0107, kt\u00f3r\u0105 stopniowo zwi\u0119ksza si\u0119 w ci\u0105gu pierwszych 2 minut. Lekkie uspokojenie zawsze pomaga, a leczenie wewn\u0105trz kana\u0142u s\u0142uchowego lub w jamie ustnej wymaga sedacji lub znieczulenia og\u00f3lnego.<\/p><\/div>\n\t\t\t\t<\/div>\n\t\t\t\t\t\t\t<div class=\"elementor-accordion-item\">\n\t\t\t\t\t<div id=\"elementor-tab-title-50011\" class=\"elementor-tab-title\" data-tab=\"11\" role=\"button\" aria-controls=\"elementor-tab-content-50011\" aria-expanded=\"false\">\n\t\t\t\t\t\t\t\t\t\t\t\t\t<span class=\"elementor-accordion-icon elementor-accordion-icon-right\" aria-hidden=\"true\">\n\t\t\t\t\t\t\t\t\t\t\t\t\t\t\t<span class=\"elementor-accordion-icon-closed\"><i class=\"fas fa-chevron-down\"><\/i><\/span>\n\t\t\t\t\t\t\t\t<span class=\"elementor-accordion-icon-opened\"><i class=\"fas fa-chevron-up\"><\/i><\/span>\n\t\t\t\t\t\t\t\t\t\t\t\t\t\t<\/span>\n\t\t\t\t\t\t\t\t\t\t\t\t<a class=\"elementor-accordion-title\" tabindex=\"0\">Czy terapia mo\u017ce by\u0107 stosowana w przypadku wrzod\u00f3w rog\u00f3wki?<\/a>\n\t\t\t\t\t<\/div>\n\t\t\t\t\t<div id=\"elementor-tab-content-50011\" class=\"elementor-tab-content elementor-clearfix\" data-tab=\"11\" role=\"region\" aria-labelledby=\"elementor-tab-title-50011\"><p>Na chwil\u0119 obecn\u0105 nie zaleca si\u0119 stosowania terapii w oku. Istniej\u0105 badania okulistyczne w medycynie ludzkiej, ale w weterynarii nie osi\u0105gni\u0119to jeszcze tego etapu. Eksperci obecnie pracuj\u0105 nad ustaleniem dawek i protoko\u0142\u00f3w, kt\u00f3re umo\u017cliwi\u0142yby takie zastosowanie.<\/p><\/div>\n\t\t\t\t<\/div>\n\t\t\t\t\t\t\t<div class=\"elementor-accordion-item\">\n\t\t\t\t\t<div id=\"elementor-tab-title-50012\" class=\"elementor-tab-title\" data-tab=\"12\" role=\"button\" aria-controls=\"elementor-tab-content-50012\" aria-expanded=\"false\">\n\t\t\t\t\t\t\t\t\t\t\t\t\t<span class=\"elementor-accordion-icon elementor-accordion-icon-right\" aria-hidden=\"true\">\n\t\t\t\t\t\t\t\t\t\t\t\t\t\t\t<span class=\"elementor-accordion-icon-closed\"><i class=\"fas fa-chevron-down\"><\/i><\/span>\n\t\t\t\t\t\t\t\t<span class=\"elementor-accordion-icon-opened\"><i class=\"fas fa-chevron-up\"><\/i><\/span>\n\t\t\t\t\t\t\t\t\t\t\t\t\t\t<\/span>\n\t\t\t\t\t\t\t\t\t\t\t\t<a class=\"elementor-accordion-title\" tabindex=\"0\">Czy mo\u017cna stosowa\u0107 terapi\u0119 w przypadku opornej na leczenie otitis externa, w zale\u017cno\u015bci od anatomicznych cech ucha?<\/a>\n\t\t\t\t\t<\/div>\n\t\t\t\t\t<div id=\"elementor-tab-content-50012\" class=\"elementor-tab-content elementor-clearfix\" data-tab=\"12\" role=\"region\" aria-labelledby=\"elementor-tab-title-50012\"><p>Zimna plazma mo\u017ce by\u0107 skutecznie stosowana w leczeniu otitis externa. Obecnie trwaj\u0105 prace nad specjaln\u0105 elektrod\u0105 PetCellpen\u00ae dedykowan\u0105 do leczenia ucha, kt\u00f3ra wkr\u00f3tce trafi na rynek. Elektroda wprowadzana jest do zewn\u0119trznego kana\u0142u s\u0142uchowego pod sedacj\u0105, zapewniaj\u0105c szybkie dzia\u0142anie dezynfekuj\u0105ce (w ci\u0105gu 2 minut) oraz wspomagaj\u0105c regeneracj\u0119 kom\u00f3rek sk\u00f3ry w przewodzie s\u0142uchowym.<br \/>Zabieg mo\u017cna rozpocz\u0105\u0107, na przyk\u0142ad po p\u0142ukaniu ucha pod znieczuleniem, a nast\u0119pnie kontynuowa\u0107 leczenie przy u\u017cyciu miejscowych lek\u00f3w.<br \/>Na ten temat powstaje obecnie praca doktorska na Uniwersytecie Adnan Menderes w Turcji. <a href=\"https:\/\/onlinelibrary.wiley.com\/doi\/abs\/10.1111\/vde.13287\" target=\"_blank\" rel=\"noopener\">Pierwsze wyniki bada\u0144<\/a> zostan\u0105 zaprezentowane podczas \u015awiatowego Kongresu Lekarzy Weterynarii-Dermatolog\u00f3w w Bostonie w lipcu 2024 roku<\/p><p>Przypadek: Tori (s. 9)<\/p><\/div>\n\t\t\t\t<\/div>\n\t\t\t\t\t\t\t<div class=\"elementor-accordion-item\">\n\t\t\t\t\t<div id=\"elementor-tab-title-50013\" class=\"elementor-tab-title\" data-tab=\"13\" role=\"button\" aria-controls=\"elementor-tab-content-50013\" aria-expanded=\"false\">\n\t\t\t\t\t\t\t\t\t\t\t\t\t<span class=\"elementor-accordion-icon elementor-accordion-icon-right\" aria-hidden=\"true\">\n\t\t\t\t\t\t\t\t\t\t\t\t\t\t\t<span class=\"elementor-accordion-icon-closed\"><i class=\"fas fa-chevron-down\"><\/i><\/span>\n\t\t\t\t\t\t\t\t<span class=\"elementor-accordion-icon-opened\"><i class=\"fas fa-chevron-up\"><\/i><\/span>\n\t\t\t\t\t\t\t\t\t\t\t\t\t\t<\/span>\n\t\t\t\t\t\t\t\t\t\t\t\t<a class=\"elementor-accordion-title\" tabindex=\"0\">Czy terapia mo\u017ce pom\u00f3c w leczeniu przewlek\u0142ych ucisk\u00f3w rdzeniowych o charakterze niechirurgicznym?<\/a>\n\t\t\t\t\t<\/div>\n\t\t\t\t\t<div id=\"elementor-tab-content-50013\" class=\"elementor-tab-content elementor-clearfix\" data-tab=\"13\" role=\"region\" aria-labelledby=\"elementor-tab-title-50013\"><p>Terapia zimn\u0105 plazm\u0105 nie eliminuje ucisk\u00f3w, ale mo\u017ce skutecznie zmniejszy\u0107 obrz\u0119k wok\u00f3\u0142 uci\u015bni\u0119tego korzenia nerwowego oraz modulowa\u0107 stan zapalny wywo\u0142any uciskiem, co przyczynia si\u0119 do redukcji b\u00f3lu. Chocia\u017c przyczyny, takiej jak przepuklina dysku, nie mo\u017cna wyleczy\u0107 bezpo\u015brednio za pomoc\u0105 tej terapii, poprawa kr\u0105\u017cenia krwi mo\u017ce przyspieszy\u0107 degradacj\u0119 wypuk\u0142ego materia\u0142u.<br \/>Dodatkowo terapia wykazuje dzia\u0142anie przeciwb\u00f3lowe, relaksuj\u0105ce mi\u0119\u015bnie i odczulaj\u0105ce nerwy aferentne, co mo\u017ce znacz\u0105co poprawi\u0107 og\u00f3lny stan pacjenta w kr\u00f3tkim czasie.<\/p><\/div>\n\t\t\t\t<\/div>\n\t\t\t\t\t\t\t<div class=\"elementor-accordion-item\">\n\t\t\t\t\t<div id=\"elementor-tab-title-50014\" class=\"elementor-tab-title\" data-tab=\"14\" role=\"button\" aria-controls=\"elementor-tab-content-50014\" aria-expanded=\"false\">\n\t\t\t\t\t\t\t\t\t\t\t\t\t<span class=\"elementor-accordion-icon elementor-accordion-icon-right\" aria-hidden=\"true\">\n\t\t\t\t\t\t\t\t\t\t\t\t\t\t\t<span class=\"elementor-accordion-icon-closed\"><i class=\"fas fa-chevron-down\"><\/i><\/span>\n\t\t\t\t\t\t\t\t<span class=\"elementor-accordion-icon-opened\"><i class=\"fas fa-chevron-up\"><\/i><\/span>\n\t\t\t\t\t\t\t\t\t\t\t\t\t\t<\/span>\n\t\t\t\t\t\t\t\t\t\t\t\t<a class=\"elementor-accordion-title\" tabindex=\"0\">Czy terapia pomaga w redukcji surowiczak\u00f3w po operacji kolana lub innych powszechnych zabiegach ortopedycznych?<\/a>\n\t\t\t\t\t<\/div>\n\t\t\t\t\t<div id=\"elementor-tab-content-50014\" class=\"elementor-tab-content elementor-clearfix\" data-tab=\"14\" role=\"region\" aria-labelledby=\"elementor-tab-title-50014\"><p>Tak, dzia\u0142a bardzo dobrze. Terapia zimn\u0105 plazm\u0105 pomaga osuszy\u0107 tkank\u0119, a tym samym szybciej leczy\u0107 surowiczaki i krwiaki, poniewa\u017c stymuluje mikrokr\u0105\u017cenie.<\/p><\/div>\n\t\t\t\t<\/div>\n\t\t\t\t\t\t\t<div class=\"elementor-accordion-item\">\n\t\t\t\t\t<div id=\"elementor-tab-title-50015\" class=\"elementor-tab-title\" data-tab=\"15\" role=\"button\" aria-controls=\"elementor-tab-content-50015\" aria-expanded=\"false\">\n\t\t\t\t\t\t\t\t\t\t\t\t\t<span class=\"elementor-accordion-icon elementor-accordion-icon-right\" aria-hidden=\"true\">\n\t\t\t\t\t\t\t\t\t\t\t\t\t\t\t<span class=\"elementor-accordion-icon-closed\"><i class=\"fas fa-chevron-down\"><\/i><\/span>\n\t\t\t\t\t\t\t\t<span class=\"elementor-accordion-icon-opened\"><i class=\"fas fa-chevron-up\"><\/i><\/span>\n\t\t\t\t\t\t\t\t\t\t\t\t\t\t<\/span>\n\t\t\t\t\t\t\t\t\t\t\t\t<a class=\"elementor-accordion-title\" tabindex=\"0\">Czy terapia dzia\u0142a w przypadku przewlek\u0142ych przetok oko\u0142oodbytowych lub p\u0119kni\u0119\u0107 gruczo\u0142\u00f3w oko\u0142oodbytowych?<\/a>\n\t\t\t\t\t<\/div>\n\t\t\t\t\t<div id=\"elementor-tab-content-50015\" class=\"elementor-tab-content elementor-clearfix\" data-tab=\"15\" role=\"region\" aria-labelledby=\"elementor-tab-title-50015\"><p>Tak, jest to powszechne zastosowanie terapii zimn\u0105 plazm\u0105 w praktyce.<\/p><p>Przypadki: Age, Logan, Beans (s. 1, 2 i 13)<\/p><\/div>\n\t\t\t\t<\/div>\n\t\t\t\t\t\t\t<div class=\"elementor-accordion-item\">\n\t\t\t\t\t<div id=\"elementor-tab-title-50016\" class=\"elementor-tab-title\" data-tab=\"16\" role=\"button\" aria-controls=\"elementor-tab-content-50016\" aria-expanded=\"false\">\n\t\t\t\t\t\t\t\t\t\t\t\t\t<span class=\"elementor-accordion-icon elementor-accordion-icon-right\" aria-hidden=\"true\">\n\t\t\t\t\t\t\t\t\t\t\t\t\t\t\t<span class=\"elementor-accordion-icon-closed\"><i class=\"fas fa-chevron-down\"><\/i><\/span>\n\t\t\t\t\t\t\t\t<span class=\"elementor-accordion-icon-opened\"><i class=\"fas fa-chevron-up\"><\/i><\/span>\n\t\t\t\t\t\t\t\t\t\t\t\t\t\t<\/span>\n\t\t\t\t\t\t\t\t\t\t\t\t<a class=\"elementor-accordion-title\" tabindex=\"0\">Jakie dzia\u0142anie ma PetCellpen<sup>\u00ae<\/sup> na materia\u0142 szw\u00f3w? Czy nale\u017cy unika\u0107 stosowania PetCellpen\u00ae w przypadku leczenia \u015bwie\u017co zszytych ran?<\/a>\n\t\t\t\t\t<\/div>\n\t\t\t\t\t<div id=\"elementor-tab-content-50016\" class=\"elementor-tab-content elementor-clearfix\" data-tab=\"16\" role=\"region\" aria-labelledby=\"elementor-tab-title-50016\"><p>Nie ma \u017cadnego negatywnego wp\u0142ywu na szwy, a nawet zaleca si\u0119 stosowanie go na \u015bwie\u017co zszytych ranach, aby wspom\u00f3c ich gojenie i dezynfekcj\u0119 oraz zapobiec tworzeniu si\u0119 biofilm\u00f3w. Nie ma r\u00f3wnie\u017c przeciwwskaza\u0144 do stosowania na klamry lub implanty metalowe.<\/p><\/div>\n\t\t\t\t<\/div>\n\t\t\t\t\t\t\t<div class=\"elementor-accordion-item\">\n\t\t\t\t\t<div id=\"elementor-tab-title-50017\" class=\"elementor-tab-title\" data-tab=\"17\" role=\"button\" aria-controls=\"elementor-tab-content-50017\" aria-expanded=\"false\">\n\t\t\t\t\t\t\t\t\t\t\t\t\t<span class=\"elementor-accordion-icon elementor-accordion-icon-right\" aria-hidden=\"true\">\n\t\t\t\t\t\t\t\t\t\t\t\t\t\t\t<span class=\"elementor-accordion-icon-closed\"><i class=\"fas fa-chevron-down\"><\/i><\/span>\n\t\t\t\t\t\t\t\t<span class=\"elementor-accordion-icon-opened\"><i class=\"fas fa-chevron-up\"><\/i><\/span>\n\t\t\t\t\t\t\t\t\t\t\t\t\t\t<\/span>\n\t\t\t\t\t\t\t\t\t\t\t\t<a class=\"elementor-accordion-title\" tabindex=\"0\">Czy mo\u017cna stosowa\u0107 PetCellpen<sup>\u00ae<\/sup> razem z miejscowo podawanym prednizolonem na t\u0119 sam\u0105 ran\u0119 (np. na hot spot)?<\/a>\n\t\t\t\t\t<\/div>\n\t\t\t\t\t<div id=\"elementor-tab-content-50017\" class=\"elementor-tab-content elementor-clearfix\" data-tab=\"17\" role=\"region\" aria-labelledby=\"elementor-tab-title-50017\">Oczywi\u015bcie, zaleca si\u0119 najpierw u\u017cycie PetCellpen<sup>\u00ae<\/sup>, a nast\u0119pnie kremu z kortykosteroidami.<\/div>\n\t\t\t\t<\/div>\n\t\t\t\t\t\t\t<div class=\"elementor-accordion-item\">\n\t\t\t\t\t<div id=\"elementor-tab-title-50018\" class=\"elementor-tab-title\" data-tab=\"18\" role=\"button\" aria-controls=\"elementor-tab-content-50018\" aria-expanded=\"false\">\n\t\t\t\t\t\t\t\t\t\t\t\t\t<span class=\"elementor-accordion-icon elementor-accordion-icon-right\" aria-hidden=\"true\">\n\t\t\t\t\t\t\t\t\t\t\t\t\t\t\t<span class=\"elementor-accordion-icon-closed\"><i class=\"fas fa-chevron-down\"><\/i><\/span>\n\t\t\t\t\t\t\t\t<span class=\"elementor-accordion-icon-opened\"><i class=\"fas fa-chevron-up\"><\/i><\/span>\n\t\t\t\t\t\t\t\t\t\t\t\t\t\t<\/span>\n\t\t\t\t\t\t\t\t\t\t\t\t<a class=\"elementor-accordion-title\" tabindex=\"0\">Czy mo\u017cna stosowa\u0107 PetCellpen<sup>\u00ae<\/sup> w przypadku pododermatitis u gryzoni i kr\u00f3lik\u00f3w?<\/a>\n\t\t\t\t\t<\/div>\n\t\t\t\t\t<div id=\"elementor-tab-content-50018\" class=\"elementor-tab-content elementor-clearfix\" data-tab=\"18\" role=\"region\" aria-labelledby=\"elementor-tab-title-50018\">Oczywi\u015bcie, jest to jedno z jego wskaza\u0144. Na przyk\u0142ad u ps\u00f3w, kt\u00f3re cz\u0119sto maj\u0105 pododermatitis z wysi\u0119kiem, cysty mi\u0119dzypalcowe itp., stosowanie PetCellpen<sup>\u00ae<\/sup> znacz\u0105co wspomaga proces gojenia.<\/div>\n\t\t\t\t<\/div>\n\t\t\t\t\t\t\t\t<\/div>\n\t\t\t\t<\/div>\n\t\t\t\t<\/div>\n\t\t\t\t<div class=\"elementor-element elementor-element-eb9ca2c elementor-widget elementor-widget-html\" data-id=\"eb9ca2c\" data-element_type=\"widget\" data-widget_type=\"html.default\">\n\t\t\t\t<div class=\"elementor-widget-container\">\n\t\t\t<script>\r\n\t\t\t\t\t\t$(document).ready(function() {\r\n\t\t\t\t\t\t    var delay = 100; \r\n        setTimeout(function() {\r\n            $('.elementor-tab-title').removeClass('elementor-active');\r\n            $('.elementor-tab-content').css('display', 'none'); }, delay);\r\n\t\t\t\t\t\t\tfunction checkWindowWidth() {\r\n\t\t\t\t\t\t\t\tvar windowWidth = $(window).width();\r\n\r\n\t\t\t\t\t\t\t\tif (windowWidth < 767) {\r\n\t\t\t\t\t\t\t\t\t\r\n\t\t\t\tvar delay = 500; \r\n        setTimeout(function() {\r\n            $('.elementor-tab-title').removeClass('elementor-active');\r\n            $('.elementor-tab-content').css('display', 'none'); }, delay);\t\t\t\t\r\n\t\t\t\t\t\t\t\t}\r\n\t\t\t\t\t\t\t}\r\n\r\n\t\t\t\t\t\t\tcheckWindowWidth();\r\n\r\n\t\t\t\t\t\t\t$(window).resize(function() {\r\n\t\t\t\t\t\t\t\tcheckWindowWidth();\r\n\t\t\t\t\t\t\t});\r\n\r\n\t\t\t\t\t\t});\r\n\t\t\t<\/script>\t\t<\/div>\n\t\t\t\t<\/div>\n\t\t\t\t\t<\/div>\n\t\t<\/div>\n\t\t\t\t\t<\/div>\n\t\t<\/section>\n\t\t\t\t\t<\/div>\n\t\t<\/div>\n\t\t\t\t\t<\/div>\n\t\t<\/section>\n\t\t\t\t<section class=\"elementor-section elementor-top-section elementor-element elementor-element-9ce20ef elementor-section-boxed elementor-section-height-default elementor-section-height-default\" data-id=\"9ce20ef\" data-element_type=\"section\" data-settings=\"{&quot;background_background&quot;:&quot;classic&quot;}\">\n\t\t\t\t\t\t<div class=\"elementor-container elementor-column-gap-default\">\n\t\t\t\t\t<div class=\"elementor-column elementor-col-33 elementor-top-column elementor-element elementor-element-fc57979 elementor-hidden-tablet elementor-hidden-mobile\" data-id=\"fc57979\" data-element_type=\"column\">\n\t\t\t<div class=\"elementor-widget-wrap\">\n\t\t\t\t\t\t\t<\/div>\n\t\t<\/div>\n\t\t\t\t<div class=\"elementor-column elementor-col-33 elementor-top-column elementor-element elementor-element-1b197f7\" data-id=\"1b197f7\" data-element_type=\"column\" data-settings=\"{&quot;background_background&quot;:&quot;classic&quot;}\">\n\t\t\t<div class=\"elementor-widget-wrap elementor-element-populated\">\n\t\t\t\t\t\t<div class=\"elementor-element elementor-element-7a3b952 elementor-widget elementor-widget-heading\" data-id=\"7a3b952\" data-element_type=\"widget\" data-widget_type=\"heading.default\">\n\t\t\t\t<div class=\"elementor-widget-container\">\n\t\t\t<h3 class=\"elementor-heading-title elementor-size-default\">Masz jeszcze jakie\u015b pytania?<\/h3>\t\t<\/div>\n\t\t\t\t<\/div>\n\t\t\t\t<div class=\"elementor-element elementor-element-9deb70a elementor-widget elementor-widget-text-editor\" data-id=\"9deb70a\" data-element_type=\"widget\" data-widget_type=\"text-editor.default\">\n\t\t\t\t<div class=\"elementor-widget-container\">\n\t\t\t\t\t\t\t<p>Skontaktuj si\u0119 z nami<\/p>\t\t\t\t\t\t<\/div>\n\t\t\t\t<\/div>\n\t\t\t\t<div class=\"elementor-element elementor-element-2a7aa3c mx-auto elementor-widget elementor-widget-button\" data-id=\"2a7aa3c\" data-element_type=\"widget\" data-widget_type=\"button.default\">\n\t\t\t\t<div class=\"elementor-widget-container\">\n\t\t\t\t\t<div class=\"elementor-button-wrapper\">\n\t\t\t<a class=\"elementor-button elementor-button-link elementor-size-sm\" href=\"\/pl\/kontakt\/\">\n\t\t\t\t\t\t<span class=\"elementor-button-content-wrapper\">\n\t\t\t\t\t\t\t\t\t<span class=\"elementor-button-text\">Kontakt<\/span>\n\t\t\t\t\t<\/span>\n\t\t\t\t\t<\/a>\n\t\t<\/div>\n\t\t\t\t<\/div>\n\t\t\t\t<\/div>\n\t\t\t\t\t<\/div>\n\t\t<\/div>\n\t\t\t\t<div class=\"elementor-column elementor-col-33 elementor-top-column elementor-element elementor-element-9b65dc6 elementor-hidden-tablet elementor-hidden-mobile\" data-id=\"9b65dc6\" data-element_type=\"column\">\n\t\t\t<div class=\"elementor-widget-wrap\">\n\t\t\t\t\t\t\t<\/div>\n\t\t<\/div>\n\t\t\t\t\t<\/div>\n\t\t<\/section>\n\t\t\t\t<\/div>\n\t\t","protected":false},"excerpt":{"rendered":"<p>&#8222;Jakie pytania s\u0105 najcz\u0119\u015bciej zadawane?&#8221; Og\u00f3lne pytania Czy do dzia\u0142ania urz\u0105dzenia wymagane jest u\u017cycie jakiego\u015b materia\u0142u przewodz\u0105cego? Nie, terapia z u\u017cyciem zimnej plazmy nie wymaga \u017celu przewodz\u0105cego ani \u017cadnych dodatkowych materia\u0142\u00f3w eksploatacyjnych. Czy lekarz weterynarii lub pacjent musz\u0105 u\u017cywa\u0107 specjalnego sprz\u0119tu, takiego jak okulary ochronne? Nie, nie ma potrzeby stosowania specjalnego sprz\u0119tu ani ochrony oczu [&hellip;]<\/p>\n","protected":false},"author":1,"featured_media":0,"parent":0,"menu_order":50,"comment_status":"closed","ping_status":"closed","template":"page-standard.php","meta":{"_acf_changed":false,"inline_featured_image":false,"footnotes":""},"class_list":["post-3590","page","type-page","status-publish","hentry"],"acf":[],"yoast_head":"<!-- This site is optimized with the Yoast SEO plugin v23.5 - https:\/\/yoast.com\/wordpress\/plugins\/seo\/ -->\n<title>FAQ - petCellPen\u00ae \/ equCellPen\u00ae | Livisto Animal Health<\/title>\n<meta name=\"robots\" content=\"index, follow, max-snippet:-1, max-image-preview:large, max-video-preview:-1\" \/>\n<link rel=\"canonical\" href=\"https:\/\/petcellpen.com\/pl\/faq\/\" \/>\n<meta property=\"og:locale\" content=\"pl_PL\" \/>\n<meta property=\"og:type\" content=\"article\" \/>\n<meta property=\"og:title\" content=\"FAQ - petCellPen\u00ae \/ equCellPen\u00ae | Livisto Animal Health\" \/>\n<meta property=\"og:description\" content=\"&#8222;Jakie pytania s\u0105 najcz\u0119\u015bciej zadawane?&#8221; Og\u00f3lne pytania Czy do dzia\u0142ania urz\u0105dzenia wymagane jest u\u017cycie jakiego\u015b materia\u0142u przewodz\u0105cego? Nie, terapia z u\u017cyciem zimnej plazmy nie wymaga \u017celu przewodz\u0105cego ani \u017cadnych dodatkowych materia\u0142\u00f3w eksploatacyjnych. Czy lekarz weterynarii lub pacjent musz\u0105 u\u017cywa\u0107 specjalnego sprz\u0119tu, takiego jak okulary ochronne? Nie, nie ma potrzeby stosowania specjalnego sprz\u0119tu ani ochrony oczu [&hellip;]\" \/>\n<meta property=\"og:url\" content=\"https:\/\/petcellpen.com\/pl\/faq\/\" \/>\n<meta property=\"og:site_name\" content=\"petCellPen\u00ae \/ equCellPen\u00ae | Livisto Animal Health\" \/>\n<meta property=\"article:modified_time\" content=\"2025-03-21T08:18:35+00:00\" \/>\n<meta property=\"og:image\" content=\"https:\/\/petcellpen.com\/wp-content\/uploads\/2024\/10\/petcellpen-logo-pastilla.svg\" \/>\n<meta name=\"twitter:card\" content=\"summary_large_image\" \/>\n<meta name=\"twitter:label1\" content=\"Szacowany czas czytania\" \/>\n\t<meta name=\"twitter:data1\" content=\"16 minut\" \/>\n<script type=\"application\/ld+json\" class=\"yoast-schema-graph\">{\"@context\":\"https:\/\/schema.org\",\"@graph\":[{\"@type\":\"WebPage\",\"@id\":\"https:\/\/petcellpen.com\/pl\/faq\/\",\"url\":\"https:\/\/petcellpen.com\/pl\/faq\/\",\"name\":\"FAQ - petCellPen\u00ae \/ equCellPen\u00ae | Livisto Animal Health\",\"isPartOf\":{\"@id\":\"https:\/\/petcellpen.com\/pl\/#website\"},\"primaryImageOfPage\":{\"@id\":\"https:\/\/petcellpen.com\/pl\/faq\/#primaryimage\"},\"image\":{\"@id\":\"https:\/\/petcellpen.com\/pl\/faq\/#primaryimage\"},\"thumbnailUrl\":\"https:\/\/petcellpen.com\/wp-content\/uploads\/2024\/10\/petcellpen-logo-pastilla.svg\",\"datePublished\":\"2024-09-06T12:06:40+00:00\",\"dateModified\":\"2025-03-21T08:18:35+00:00\",\"breadcrumb\":{\"@id\":\"https:\/\/petcellpen.com\/pl\/faq\/#breadcrumb\"},\"inLanguage\":\"pl-PL\",\"potentialAction\":[{\"@type\":\"ReadAction\",\"target\":[\"https:\/\/petcellpen.com\/pl\/faq\/\"]}]},{\"@type\":\"ImageObject\",\"inLanguage\":\"pl-PL\",\"@id\":\"https:\/\/petcellpen.com\/pl\/faq\/#primaryimage\",\"url\":\"https:\/\/petcellpen.com\/wp-content\/uploads\/2024\/10\/petcellpen-logo-pastilla.svg\",\"contentUrl\":\"https:\/\/petcellpen.com\/wp-content\/uploads\/2024\/10\/petcellpen-logo-pastilla.svg\"},{\"@type\":\"BreadcrumbList\",\"@id\":\"https:\/\/petcellpen.com\/pl\/faq\/#breadcrumb\",\"itemListElement\":[{\"@type\":\"ListItem\",\"position\":1,\"name\":\"Portada\",\"item\":\"https:\/\/petcellpen.com\/pl\/\"},{\"@type\":\"ListItem\",\"position\":2,\"name\":\"FAQ\"}]},{\"@type\":\"WebSite\",\"@id\":\"https:\/\/petcellpen.com\/pl\/#website\",\"url\":\"https:\/\/petcellpen.com\/pl\/\",\"name\":\"petCellPen\u00ae \/ equCellPen\u00ae | Livisto Animal Health\",\"description\":\"Terapia con plasma atmosf\u00e9rico fr\u00edo (CAP) en animales de compa\u00f1\u00eda\",\"publisher\":{\"@id\":\"https:\/\/petcellpen.com\/pl\/#organization\"},\"potentialAction\":[{\"@type\":\"SearchAction\",\"target\":{\"@type\":\"EntryPoint\",\"urlTemplate\":\"https:\/\/petcellpen.com\/pl\/?s={search_term_string}\"},\"query-input\":{\"@type\":\"PropertyValueSpecification\",\"valueRequired\":true,\"valueName\":\"search_term_string\"}}],\"inLanguage\":\"pl-PL\"},{\"@type\":\"Organization\",\"@id\":\"https:\/\/petcellpen.com\/pl\/#organization\",\"name\":\"petCellPen\u00ae \/ equCellPen\u00ae | Livisto Animal Health\",\"url\":\"https:\/\/petcellpen.com\/pl\/\",\"logo\":{\"@type\":\"ImageObject\",\"inLanguage\":\"pl-PL\",\"@id\":\"https:\/\/petcellpen.com\/pl\/#\/schema\/logo\/image\/\",\"url\":\"https:\/\/petcellpen.com\/wp-content\/uploads\/2024\/09\/favicon.png\",\"contentUrl\":\"https:\/\/petcellpen.com\/wp-content\/uploads\/2024\/09\/favicon.png\",\"width\":512,\"height\":512,\"caption\":\"petCellPen\u00ae \/ equCellPen\u00ae | Livisto Animal Health\"},\"image\":{\"@id\":\"https:\/\/petcellpen.com\/pl\/#\/schema\/logo\/image\/\"}}]}<\/script>\n<!-- \/ Yoast SEO plugin. -->","yoast_head_json":{"title":"FAQ - petCellPen\u00ae \/ equCellPen\u00ae | Livisto Animal Health","robots":{"index":"index","follow":"follow","max-snippet":"max-snippet:-1","max-image-preview":"max-image-preview:large","max-video-preview":"max-video-preview:-1"},"canonical":"https:\/\/petcellpen.com\/pl\/faq\/","og_locale":"pl_PL","og_type":"article","og_title":"FAQ - petCellPen\u00ae \/ equCellPen\u00ae | Livisto Animal Health","og_description":"&#8222;Jakie pytania s\u0105 najcz\u0119\u015bciej zadawane?&#8221; Og\u00f3lne pytania Czy do dzia\u0142ania urz\u0105dzenia wymagane jest u\u017cycie jakiego\u015b materia\u0142u przewodz\u0105cego? Nie, terapia z u\u017cyciem zimnej plazmy nie wymaga \u017celu przewodz\u0105cego ani \u017cadnych dodatkowych materia\u0142\u00f3w eksploatacyjnych. Czy lekarz weterynarii lub pacjent musz\u0105 u\u017cywa\u0107 specjalnego sprz\u0119tu, takiego jak okulary ochronne? Nie, nie ma potrzeby stosowania specjalnego sprz\u0119tu ani ochrony oczu [&hellip;]","og_url":"https:\/\/petcellpen.com\/pl\/faq\/","og_site_name":"petCellPen\u00ae \/ equCellPen\u00ae | Livisto Animal Health","article_modified_time":"2025-03-21T08:18:35+00:00","og_image":[{"url":"https:\/\/petcellpen.com\/wp-content\/uploads\/2024\/10\/petcellpen-logo-pastilla.svg"}],"twitter_card":"summary_large_image","twitter_misc":{"Szacowany czas czytania":"16 minut"},"schema":{"@context":"https:\/\/schema.org","@graph":[{"@type":"WebPage","@id":"https:\/\/petcellpen.com\/pl\/faq\/","url":"https:\/\/petcellpen.com\/pl\/faq\/","name":"FAQ - petCellPen\u00ae \/ equCellPen\u00ae | Livisto Animal Health","isPartOf":{"@id":"https:\/\/petcellpen.com\/pl\/#website"},"primaryImageOfPage":{"@id":"https:\/\/petcellpen.com\/pl\/faq\/#primaryimage"},"image":{"@id":"https:\/\/petcellpen.com\/pl\/faq\/#primaryimage"},"thumbnailUrl":"https:\/\/petcellpen.com\/wp-content\/uploads\/2024\/10\/petcellpen-logo-pastilla.svg","datePublished":"2024-09-06T12:06:40+00:00","dateModified":"2025-03-21T08:18:35+00:00","breadcrumb":{"@id":"https:\/\/petcellpen.com\/pl\/faq\/#breadcrumb"},"inLanguage":"pl-PL","potentialAction":[{"@type":"ReadAction","target":["https:\/\/petcellpen.com\/pl\/faq\/"]}]},{"@type":"ImageObject","inLanguage":"pl-PL","@id":"https:\/\/petcellpen.com\/pl\/faq\/#primaryimage","url":"https:\/\/petcellpen.com\/wp-content\/uploads\/2024\/10\/petcellpen-logo-pastilla.svg","contentUrl":"https:\/\/petcellpen.com\/wp-content\/uploads\/2024\/10\/petcellpen-logo-pastilla.svg"},{"@type":"BreadcrumbList","@id":"https:\/\/petcellpen.com\/pl\/faq\/#breadcrumb","itemListElement":[{"@type":"ListItem","position":1,"name":"Portada","item":"https:\/\/petcellpen.com\/pl\/"},{"@type":"ListItem","position":2,"name":"FAQ"}]},{"@type":"WebSite","@id":"https:\/\/petcellpen.com\/pl\/#website","url":"https:\/\/petcellpen.com\/pl\/","name":"petCellPen\u00ae \/ equCellPen\u00ae | Livisto Animal Health","description":"Terapia con plasma atmosf\u00e9rico fr\u00edo (CAP) en animales de compa\u00f1\u00eda","publisher":{"@id":"https:\/\/petcellpen.com\/pl\/#organization"},"potentialAction":[{"@type":"SearchAction","target":{"@type":"EntryPoint","urlTemplate":"https:\/\/petcellpen.com\/pl\/?s={search_term_string}"},"query-input":{"@type":"PropertyValueSpecification","valueRequired":true,"valueName":"search_term_string"}}],"inLanguage":"pl-PL"},{"@type":"Organization","@id":"https:\/\/petcellpen.com\/pl\/#organization","name":"petCellPen\u00ae \/ equCellPen\u00ae | Livisto Animal Health","url":"https:\/\/petcellpen.com\/pl\/","logo":{"@type":"ImageObject","inLanguage":"pl-PL","@id":"https:\/\/petcellpen.com\/pl\/#\/schema\/logo\/image\/","url":"https:\/\/petcellpen.com\/wp-content\/uploads\/2024\/09\/favicon.png","contentUrl":"https:\/\/petcellpen.com\/wp-content\/uploads\/2024\/09\/favicon.png","width":512,"height":512,"caption":"petCellPen\u00ae \/ equCellPen\u00ae | Livisto Animal Health"},"image":{"@id":"https:\/\/petcellpen.com\/pl\/#\/schema\/logo\/image\/"}}]}},"_links":{"self":[{"href":"https:\/\/petcellpen.com\/pl\/wp-json\/wp\/v2\/pages\/3590"}],"collection":[{"href":"https:\/\/petcellpen.com\/pl\/wp-json\/wp\/v2\/pages"}],"about":[{"href":"https:\/\/petcellpen.com\/pl\/wp-json\/wp\/v2\/types\/page"}],"author":[{"embeddable":true,"href":"https:\/\/petcellpen.com\/pl\/wp-json\/wp\/v2\/users\/1"}],"replies":[{"embeddable":true,"href":"https:\/\/petcellpen.com\/pl\/wp-json\/wp\/v2\/comments?post=3590"}],"version-history":[{"count":11,"href":"https:\/\/petcellpen.com\/pl\/wp-json\/wp\/v2\/pages\/3590\/revisions"}],"predecessor-version":[{"id":4205,"href":"https:\/\/petcellpen.com\/pl\/wp-json\/wp\/v2\/pages\/3590\/revisions\/4205"}],"wp:attachment":[{"href":"https:\/\/petcellpen.com\/pl\/wp-json\/wp\/v2\/media?parent=3590"}],"curies":[{"name":"wp","href":"https:\/\/api.w.org\/{rel}","templated":true}]}}